{"id":7610,"date":"2026-08-08T08:27:16","date_gmt":"2026-08-08T07:27:16","guid":{"rendered":"https:\/\/europeantours.se\/?post_type=tours&#038;p=7610"},"modified":"2026-08-20T09:39:32","modified_gmt":"2026-08-20T08:39:32","slug":"baltikum-cykla10","status":"publish","type":"tours","link":"https:\/\/europeantours.se\/sv\/tours\/baltikum-cykla10\/","title":{"rendered":"CYKLA GENOM BALTIKUM &#8211; TRE L\u00c4NDER P\u00c5 10 DAGAR"},"content":{"rendered":"\t\t<div data-elementor-type=\"wp-post\" data-elementor-id=\"7610\" class=\"elementor elementor-7610\" data-elementor-post-type=\"tours\">\n\t\t\t\t<div class=\"elementor-element elementor-element-9967b5c e-flex e-con-boxed e-con e-parent\" data-id=\"9967b5c\" data-element_type=\"container\" data-e-type=\"container\">\n\t\t\t\t\t<div class=\"e-con-inner\">\n\t\t<div class=\"elementor-element elementor-element-e4ec4e0 e-con-full e-flex e-con e-child\" data-id=\"e4ec4e0\" data-element_type=\"container\" data-e-type=\"container\">\n\t\t\t\t<div class=\"elementor-element elementor-element-8394264 elementor--h-position-center elementor--v-position-middle elementor-arrows-position-inside elementor-pagination-position-inside elementor-widget elementor-widget-slides\" data-id=\"8394264\" data-element_type=\"widget\" data-e-type=\"widget\" data-settings=\"{&quot;navigation&quot;:&quot;both&quot;,&quot;autoplay&quot;:&quot;yes&quot;,&quot;pause_on_hover&quot;:&quot;yes&quot;,&quot;pause_on_interaction&quot;:&quot;yes&quot;,&quot;autoplay_speed&quot;:5000,&quot;infinite&quot;:&quot;yes&quot;,&quot;transition&quot;:&quot;slide&quot;,&quot;transition_speed&quot;:500}\" data-widget_type=\"slides.default\">\n\t\t\t\t\t\t\t\t\t\t<div class=\"elementor-slides-wrapper elementor-main-swiper swiper\" role=\"region\" aria-roledescription=\"carousel\" aria-label=\"Slides\" dir=\"ltr\" data-animation=\"fadeInUp\">\n\t\t\t\t<div class=\"swiper-wrapper elementor-slides\">\n\t\t\t\t\t\t\t\t\t\t<div class=\"elementor-repeater-item-75100cc swiper-slide\" role=\"group\" aria-roledescription=\"slide\"><div class=\"swiper-slide-bg\" role=\"img\" aria-label=\"Cycling_Tallinn\"><\/div><div class=\"swiper-slide-inner\" ><div class=\"swiper-slide-contents\"><\/div><\/div><\/div><div class=\"elementor-repeater-item-c91c694 swiper-slide\" role=\"group\" aria-roledescription=\"slide\"><div class=\"swiper-slide-bg\" role=\"img\" aria-label=\"Lettland - Rigabukten fiskeby - LE photo\"><\/div><div class=\"swiper-slide-inner\" ><div class=\"swiper-slide-contents\"><\/div><\/div><\/div><div class=\"elementor-repeater-item-dc64a82 swiper-slide\" role=\"group\" aria-roledescription=\"slide\"><div class=\"swiper-slide-bg\" role=\"img\" aria-label=\"Panorama of the night Riga, Latvia\"><\/div><div class=\"swiper-slide-inner\" ><div class=\"swiper-slide-contents\"><\/div><\/div><\/div><div class=\"elementor-repeater-item-d27773c swiper-slide\" role=\"group\" aria-roledescription=\"slide\"><div class=\"swiper-slide-bg\" role=\"img\" aria-label=\"cycling_Curonian_Spit\"><\/div><div class=\"swiper-slide-inner\" ><div class=\"swiper-slide-contents\"><\/div><\/div><\/div><div class=\"elementor-repeater-item-d83b93d swiper-slide\" role=\"group\" aria-roledescription=\"slide\"><div class=\"swiper-slide-bg\" role=\"img\" aria-label=\"Parnidis dunes and small yacht in a curonian lagoon. Nida city,\"><\/div><div class=\"swiper-slide-inner\" ><div class=\"swiper-slide-contents\"><\/div><\/div><\/div>\t\t\t\t<\/div>\n\t\t\t\t\t\t\t\t\t\t\t\t\t\t\t<div class=\"elementor-swiper-button elementor-swiper-button-prev\" role=\"button\" tabindex=\"0\" aria-label=\"F\u00f6reg\u00e5ende bild\">\n\t\t\t\t\t\t\t<svg aria-hidden=\"true\" class=\"e-font-icon-svg e-eicon-chevron-left\" viewBox=\"0 0 1000 1000\" xmlns=\"http:\/\/www.w3.org\/2000\/svg\"><path d=\"M646 125C629 125 613 133 604 142L308 442C296 454 292 471 292 487 292 504 296 521 308 533L604 854C617 867 629 875 646 875 663 875 679 871 692 858 704 846 713 829 713 812 713 796 708 779 692 767L438 487 692 225C700 217 708 204 708 187 708 171 704 154 692 142 675 129 663 125 646 125Z\"><\/path><\/svg>\t\t\t\t\t\t<\/div>\n\t\t\t\t\t\t<div class=\"elementor-swiper-button elementor-swiper-button-next\" role=\"button\" tabindex=\"0\" aria-label=\"N\u00e4sta bild\">\n\t\t\t\t\t\t\t<svg aria-hidden=\"true\" class=\"e-font-icon-svg e-eicon-chevron-right\" viewBox=\"0 0 1000 1000\" xmlns=\"http:\/\/www.w3.org\/2000\/svg\"><path d=\"M696 533C708 521 713 504 713 487 713 471 708 454 696 446L400 146C388 133 375 125 354 125 338 125 325 129 313 142 300 154 292 171 292 187 292 204 296 221 308 233L563 492 304 771C292 783 288 800 288 817 288 833 296 850 308 863 321 871 338 875 354 875 371 875 388 867 400 854L696 533Z\"><\/path><\/svg>\t\t\t\t\t\t<\/div>\n\t\t\t\t\t\t\t\t\t\t\t\t\t\t\t\t<div class=\"swiper-pagination\"><\/div>\n\t\t\t\t\t\t\t\t\t\t\t\t<\/div>\n\t\t\t\t\t\t\t\t<\/div>\n\t\t\t\t<\/div>\n\t\t\t\t\t<\/div>\n\t\t\t\t<\/div>\n\t\t<div class=\"elementor-element elementor-element-989a02a e-flex e-con-boxed e-con e-parent\" data-id=\"989a02a\" data-element_type=\"container\" data-e-type=\"container\">\n\t\t\t\t\t<div class=\"e-con-inner\">\n\t\t<div class=\"elementor-element elementor-element-e7d0937 e-con-full e-flex e-con e-child\" data-id=\"e7d0937\" data-element_type=\"container\" data-e-type=\"container\">\n\t\t<div class=\"elementor-element elementor-element-919f085 e-con-full e-flex e-con e-child\" data-id=\"919f085\" data-element_type=\"container\" data-e-type=\"container\">\n\t\t\t\t<div class=\"elementor-element elementor-element-137fd56 elementor-widget elementor-widget-heading\" data-id=\"137fd56\" data-element_type=\"widget\" data-e-type=\"widget\" data-widget_type=\"heading.default\">\n\t\t\t\t\t<h2 class=\"elementor-heading-title elementor-size-default\">cykla genom baltikum - tre l\u00e4nder p\u00e5 10 dagar<\/h2>\t\t\t\t<\/div>\n\t\t\t\t<\/div>\n\t\t\t\t<\/div>\n\t\t\t\t\t<\/div>\n\t\t\t\t<\/div>\n\t\t<div class=\"elementor-element elementor-element-a8faca9 e-flex e-con-boxed e-con e-parent\" data-id=\"a8faca9\" data-element_type=\"container\" data-e-type=\"container\">\n\t\t\t\t\t<div class=\"e-con-inner\">\n\t\t<div class=\"elementor-element elementor-element-dd55c33 e-con-full e-flex e-con e-child\" data-id=\"dd55c33\" data-element_type=\"container\" data-e-type=\"container\">\n\t\t<div class=\"elementor-element elementor-element-e521a18 e-con-full e-flex e-con e-child\" data-id=\"e521a18\" data-element_type=\"container\" data-e-type=\"container\">\n\t\t\t\t<div class=\"elementor-element elementor-element-2454b1b elementor-widget elementor-widget-text-editor\" data-id=\"2454b1b\" data-element_type=\"widget\" data-e-type=\"widget\" data-widget_type=\"text-editor.default\">\n\t\t\t\t\t\t\t\t\t<p class=\"PDq2pG_selectionAnchorContainer\" data-start=\"189\" data-end=\"454\"><strong data-start=\"189\" data-end=\"276\">Tio dagar p\u00e5 tv\u00e5 hjul \u2013 fr\u00e5n Litauens glittrande sj\u00f6ar till Estlands vackra \u00f6v\u00e4rld.<\/strong><\/p><p class=\"PDq2pG_selectionAnchorContainer\" data-start=\"189\" data-end=\"454\">F\u00f6lj med p\u00e5 en cykelresa genom Baltikums mest storslagna kustlandskap, d\u00e4r sanddynerna p\u00e5 Kuriska n\u00e4set, doftande tallskogar, sm\u00e5 fiskebyar och \u00d6stersj\u00f6ns l\u00e5nga str\u00e4nder v\u00e4ntar.<\/p><p data-start=\"456\" data-end=\"726\">Vi cyklar l\u00e4ngs den vackra Kuriska lagunen, genom det unika landskapet p\u00e5 Kuriska n\u00e4set och vidare till kustp\u00e4rlorna Palanga och J\u016brmala, med sina gyllene str\u00e4nder och livliga badortsliv. P\u00e5 Saaremaa v\u00e4ntar ett lugnare tempo, slingrande sm\u00e5v\u00e4gar, skogar och or\u00f6rd natur.<\/p><p data-start=\"728\" data-end=\"963\">Mellan cykeletapperna finns en bekv\u00e4m f\u00f6ljebuss som tar oss genom de l\u00e4ngre str\u00e4ckorna mellan l\u00e4nderna, s\u00e5 att vi kan spara energi till det som verkligen r\u00e4knas \u2013 <strong data-start=\"891\" data-end=\"963\">att njuta av cyklingen, landskapet och alla upplevelser l\u00e4ngs v\u00e4gen.<\/strong><\/p><p data-start=\"965\" data-end=\"1273\">Resan binds samman av Baltikums tre huvudst\u00e4der \u2013 <strong data-start=\"1015\" data-end=\"1044\">Vilnius, Riga och Tallinn<\/strong> \u2013 och cykeletapperna g\u00e5r huvudsakligen p\u00e5 flacka, v\u00e4lunderh\u00e5llna v\u00e4gar. Det g\u00f6r resan tillg\u00e4nglig f\u00f6r dig som \u00e4r van motion\u00e4r och g\u00e4rna vill uppleva Baltikum i ett behagligt tempo, med gott om tid att stanna, uppt\u00e4cka och njuta.<\/p><p data-start=\"1275\" data-end=\"1362\" data-is-last-node=\"\" data-is-only-node=\"\"><strong data-start=\"1275\" data-end=\"1362\" data-is-last-node=\"\">Tre l\u00e4nder. Tre huvudst\u00e4der. Tio dagar. Ett Baltikum att uppt\u00e4cka fr\u00e5n cykelsadeln.<\/strong><\/p>\t\t\t\t\t\t\t\t<\/div>\n\t\t\t\t<\/div>\n\t\t\t\t<\/div>\n\t\t\t\t\t<\/div>\n\t\t\t\t<\/div>\n\t\t<div class=\"elementor-element elementor-element-becfdfa e-flex e-con-boxed e-con e-parent\" data-id=\"becfdfa\" data-element_type=\"container\" data-e-type=\"container\">\n\t\t\t\t\t<div class=\"e-con-inner\">\n\t\t<div class=\"elementor-element elementor-element-45bc55e e-con-full e-flex e-con e-child\" data-id=\"45bc55e\" data-element_type=\"container\" data-e-type=\"container\">\n\t\t<div class=\"elementor-element elementor-element-dcf888b e-con-full e-flex e-con e-child\" data-id=\"dcf888b\" data-element_type=\"container\" data-e-type=\"container\">\n\t\t<div class=\"elementor-element elementor-element-a242cda e-con-full e-flex e-con e-child\" data-id=\"a242cda\" data-element_type=\"container\" data-e-type=\"container\">\n\t\t<div class=\"elementor-element elementor-element-9d49f25 e-con-full e-flex e-con e-child\" data-id=\"9d49f25\" data-element_type=\"container\" data-e-type=\"container\">\n\t\t<div class=\"elementor-element elementor-element-629dd59 e-con-full e-flex e-con e-child\" data-id=\"629dd59\" data-element_type=\"container\" data-e-type=\"container\">\n\t\t<div class=\"elementor-element elementor-element-dd69dae e-con-full e-flex e-con e-child\" data-id=\"dd69dae\" data-element_type=\"container\" data-e-type=\"container\">\n\t\t<div class=\"elementor-element elementor-element-433611b e-con-full e-flex e-con e-child\" data-id=\"433611b\" data-element_type=\"container\" data-e-type=\"container\">\n\t\t\t\t<div class=\"elementor-element elementor-element-f67ffe9 elementor-widget elementor-widget-image\" data-id=\"f67ffe9\" data-element_type=\"widget\" data-e-type=\"widget\" data-widget_type=\"image.default\">\n\t\t\t\t\t\t\t\t\t\t\t\t\t\t\t<img decoding=\"async\" width=\"150\" height=\"60\" src=\"https:\/\/europeantours.se\/wp-content\/uploads\/2026\/04\/Baltikum-estland-lettland-litauen.png\" class=\"attachment-large size-large wp-image-7283\" alt=\"Flagga\" srcset=\"https:\/\/europeantours.se\/wp-content\/uploads\/2026\/04\/Baltikum-estland-lettland-litauen.png 150w, https:\/\/europeantours.se\/wp-content\/uploads\/2026\/04\/Baltikum-estland-lettland-litauen-18x7.png 18w\" sizes=\"(max-width: 150px) 100vw, 150px\" \/>\t\t\t\t\t\t\t\t\t\t\t\t\t\t\t<\/div>\n\t\t\t\t<\/div>\n\t\t<div class=\"elementor-element elementor-element-17e5035 e-con-full e-flex e-con e-child\" data-id=\"17e5035\" data-element_type=\"container\" data-e-type=\"container\">\n\t\t\t\t<div class=\"elementor-element elementor-element-e7e6c09 elementor-widget elementor-widget-image\" data-id=\"e7e6c09\" data-element_type=\"widget\" data-e-type=\"widget\" data-widget_type=\"image.default\">\n\t\t\t\t\t\t\t\t\t\t\t\t\t\t\t<img decoding=\"async\" width=\"150\" height=\"60\" src=\"https:\/\/europeantours.se\/wp-content\/uploads\/2026\/07\/Bike-guide-.png\" class=\"attachment-large size-large wp-image-7182\" alt=\"\" srcset=\"https:\/\/europeantours.se\/wp-content\/uploads\/2026\/07\/Bike-guide-.png 150w, https:\/\/europeantours.se\/wp-content\/uploads\/2026\/07\/Bike-guide--18x7.png 18w\" sizes=\"(max-width: 150px) 100vw, 150px\" \/>\t\t\t\t\t\t\t\t\t\t\t\t\t\t\t<\/div>\n\t\t\t\t<\/div>\n\t\t<div class=\"elementor-element elementor-element-768892b e-con-full e-flex e-con e-child\" data-id=\"768892b\" data-element_type=\"container\" data-e-type=\"container\">\n\t\t\t\t<div class=\"elementor-element elementor-element-619b9dd elementor-widget elementor-widget-image\" data-id=\"619b9dd\" data-element_type=\"widget\" data-e-type=\"widget\" data-widget_type=\"image.default\">\n\t\t\t\t\t\t\t\t\t\t\t\t\t\t\t<img decoding=\"async\" width=\"150\" height=\"60\" src=\"https:\/\/europeantours.se\/wp-content\/uploads\/2026\/01\/ok-10-dagar-9-natter.png\" class=\"attachment-large size-large wp-image-1862\" alt=\"\" srcset=\"https:\/\/europeantours.se\/wp-content\/uploads\/2026\/01\/ok-10-dagar-9-natter.png 150w, https:\/\/europeantours.se\/wp-content\/uploads\/2026\/01\/ok-10-dagar-9-natter-18x7.png 18w\" sizes=\"(max-width: 150px) 100vw, 150px\" \/>\t\t\t\t\t\t\t\t\t\t\t\t\t\t\t<\/div>\n\t\t\t\t<\/div>\n\t\t<div class=\"elementor-element elementor-element-d37cf9f e-con-full e-flex e-con e-child\" data-id=\"d37cf9f\" data-element_type=\"container\" data-e-type=\"container\">\n\t\t\t\t<\/div>\n\t\t\t\t<\/div>\n\t\t\t\t<\/div>\n\t\t\t\t<\/div>\n\t\t\t\t<\/div>\n\t\t\t\t<\/div>\n\t\t\t\t<\/div>\n\t\t\t\t\t<\/div>\n\t\t\t\t<\/div>\n\t\t<div class=\"elementor-element elementor-element-b6d6527 e-flex e-con-boxed e-con e-parent\" data-id=\"b6d6527\" data-element_type=\"container\" data-e-type=\"container\">\n\t\t\t\t\t<div class=\"e-con-inner\">\n\t\t<div class=\"elementor-element elementor-element-899112f e-con-full e-flex e-con e-child\" data-id=\"899112f\" data-element_type=\"container\" data-e-type=\"container\">\n\t\t<div class=\"elementor-element elementor-element-9040e50 e-con-full e-flex e-con e-child\" data-id=\"9040e50\" data-element_type=\"container\" data-e-type=\"container\">\n\t\t<div class=\"elementor-element elementor-element-8928a3a e-con-full e-flex e-con e-child\" data-id=\"8928a3a\" data-element_type=\"container\" data-e-type=\"container\">\n\t\t\t\t<div class=\"elementor-element elementor-element-7ecdd2a elementor-widget-divider--view-line elementor-widget elementor-widget-divider\" data-id=\"7ecdd2a\" data-element_type=\"widget\" data-e-type=\"widget\" data-widget_type=\"divider.default\">\n\t\t\t\t\t\t\t<div class=\"elementor-divider\">\n\t\t\t<span class=\"elementor-divider-separator\">\n\t\t\t\t\t\t<\/span>\n\t\t<\/div>\n\t\t\t\t\t\t<\/div>\n\t\t\t\t<div class=\"elementor-element elementor-element-218de21 elementor-widget elementor-widget-text-editor\" data-id=\"218de21\" data-element_type=\"widget\" data-e-type=\"widget\" data-widget_type=\"text-editor.default\">\n\t\t\t\t\t\t\t\t\t<p><strong>PROGRAM<\/strong><\/p>\t\t\t\t\t\t\t\t<\/div>\n\t\t\t\t<div class=\"elementor-element elementor-element-b90dc5f elementor-widget__width-initial elementor-widget elementor-widget-text-editor\" data-id=\"b90dc5f\" data-element_type=\"widget\" data-e-type=\"widget\" data-widget_type=\"text-editor.default\">\n\t\t\t\t\t\t\t\t\t<p><strong>Dag 1 Ankomst till<\/strong> <strong>Vilnius<\/strong><\/p><p>V\u00e4lkommen till Litauen och den vackra huvudstaden Vilnius!<\/p><p>Efter ankomsten v\u00e4ntar en gemensam middag kl 20:00. Ett trevligt s\u00e4tt att b\u00f6rja resan och komma in i den baltiska k\u00e4nslan. Vilnius \u00e4r en stad d\u00e4r historien st\u00e4ndigt m\u00f6ter det moderna, med en imponerande gammal stad, vackra barockbyggnader och mysiga gr\u00e4nder.<\/p><p>H\u00e4r b\u00f6rjar v\u00e5rt baltiska cykel\u00e4ventyr.<\/p><p><span style=\"font-weight: 400;\">\u00d6vernattning i Vilnius<\/span>\u00a0<span style=\"font-weight: 400;\">med middag.<\/span><\/p>\t\t\t\t\t\t\t\t<\/div>\n\t\t\t\t<\/div>\n\t\t\t\t<\/div>\n\t\t\t\t<\/div>\n\t\t\t\t\t<\/div>\n\t\t\t\t<\/div>\n\t\t<div class=\"elementor-element elementor-element-e40ea5f e-flex e-con-boxed e-con e-parent\" data-id=\"e40ea5f\" data-element_type=\"container\" data-e-type=\"container\">\n\t\t\t\t\t<div class=\"e-con-inner\">\n\t\t<div class=\"elementor-element elementor-element-0d72d4f e-con-full e-flex e-con e-child\" data-id=\"0d72d4f\" data-element_type=\"container\" data-e-type=\"container\">\n\t\t<div class=\"elementor-element elementor-element-0ca0fdd e-con-full e-flex e-con e-child\" data-id=\"0ca0fdd\" data-element_type=\"container\" data-e-type=\"container\">\n\t\t<div class=\"elementor-element elementor-element-7393c4e e-grid e-con-full e-con e-child\" data-id=\"7393c4e\" data-element_type=\"container\" data-e-type=\"container\">\n\t\t\t\t<div class=\"elementor-element elementor-element-5774a58 elementor-widget elementor-widget-image\" data-id=\"5774a58\" data-element_type=\"widget\" data-e-type=\"widget\" data-widget_type=\"image.default\">\n\t\t\t\t\t\t\t\t\t\t\t\t\t\t\t<img loading=\"lazy\" decoding=\"async\" width=\"1024\" height=\"768\" src=\"https:\/\/europeantours.se\/wp-content\/uploads\/2026\/08\/Bike_Tour_Vilnius3-1024x768.jpg\" class=\"attachment-large size-large wp-image-7748\" alt=\"\" srcset=\"https:\/\/europeantours.se\/wp-content\/uploads\/2026\/08\/Bike_Tour_Vilnius3-1024x768.jpg 1024w, https:\/\/europeantours.se\/wp-content\/uploads\/2026\/08\/Bike_Tour_Vilnius3-300x225.jpg 300w, https:\/\/europeantours.se\/wp-content\/uploads\/2026\/08\/Bike_Tour_Vilnius3-768x576.jpg 768w, https:\/\/europeantours.se\/wp-content\/uploads\/2026\/08\/Bike_Tour_Vilnius3-1536x1152.jpg 1536w, https:\/\/europeantours.se\/wp-content\/uploads\/2026\/08\/Bike_Tour_Vilnius3-2048x1536.jpg 2048w, https:\/\/europeantours.se\/wp-content\/uploads\/2026\/08\/Bike_Tour_Vilnius3-16x12.jpg 16w\" sizes=\"(max-width: 1024px) 100vw, 1024px\" \/>\t\t\t\t\t\t\t\t\t\t\t\t\t\t\t<\/div>\n\t\t\t\t<div class=\"elementor-element elementor-element-7f049a0 elementor-widget elementor-widget-image\" data-id=\"7f049a0\" data-element_type=\"widget\" data-e-type=\"widget\" data-widget_type=\"image.default\">\n\t\t\t\t\t\t\t\t\t\t\t\t\t\t\t<img loading=\"lazy\" decoding=\"async\" width=\"768\" height=\"1024\" src=\"https:\/\/europeantours.se\/wp-content\/uploads\/2026\/08\/Kvall-i-Vilnius-Litauen-LE-photo-768x1024.jpg\" class=\"attachment-large size-large wp-image-7760\" alt=\"\" srcset=\"https:\/\/europeantours.se\/wp-content\/uploads\/2026\/08\/Kvall-i-Vilnius-Litauen-LE-photo-768x1024.jpg 768w, https:\/\/europeantours.se\/wp-content\/uploads\/2026\/08\/Kvall-i-Vilnius-Litauen-LE-photo-225x300.jpg 225w, https:\/\/europeantours.se\/wp-content\/uploads\/2026\/08\/Kvall-i-Vilnius-Litauen-LE-photo-1152x1536.jpg 1152w, https:\/\/europeantours.se\/wp-content\/uploads\/2026\/08\/Kvall-i-Vilnius-Litauen-LE-photo-1536x2048.jpg 1536w, https:\/\/europeantours.se\/wp-content\/uploads\/2026\/08\/Kvall-i-Vilnius-Litauen-LE-photo-9x12.jpg 9w, https:\/\/europeantours.se\/wp-content\/uploads\/2026\/08\/Kvall-i-Vilnius-Litauen-LE-photo-scaled.jpg 1920w\" sizes=\"(max-width: 768px) 100vw, 768px\" \/>\t\t\t\t\t\t\t\t\t\t\t\t\t\t\t<\/div>\n\t\t\t\t<div class=\"elementor-element elementor-element-4b13224 elementor-widget elementor-widget-image\" data-id=\"4b13224\" data-element_type=\"widget\" data-e-type=\"widget\" data-widget_type=\"image.default\">\n\t\t\t\t\t\t\t\t\t\t\t\t\t\t\t<img loading=\"lazy\" decoding=\"async\" width=\"768\" height=\"1024\" src=\"https:\/\/europeantours.se\/wp-content\/uploads\/2026\/08\/Hales-turgus-Saluhall-Vilnius-Litauen-LE-photo-768x1024.jpg\" class=\"attachment-large size-large wp-image-7766\" alt=\"\" srcset=\"https:\/\/europeantours.se\/wp-content\/uploads\/2026\/08\/Hales-turgus-Saluhall-Vilnius-Litauen-LE-photo-768x1024.jpg 768w, https:\/\/europeantours.se\/wp-content\/uploads\/2026\/08\/Hales-turgus-Saluhall-Vilnius-Litauen-LE-photo-225x300.jpg 225w, https:\/\/europeantours.se\/wp-content\/uploads\/2026\/08\/Hales-turgus-Saluhall-Vilnius-Litauen-LE-photo-1152x1536.jpg 1152w, https:\/\/europeantours.se\/wp-content\/uploads\/2026\/08\/Hales-turgus-Saluhall-Vilnius-Litauen-LE-photo-1536x2048.jpg 1536w, https:\/\/europeantours.se\/wp-content\/uploads\/2026\/08\/Hales-turgus-Saluhall-Vilnius-Litauen-LE-photo-9x12.jpg 9w, https:\/\/europeantours.se\/wp-content\/uploads\/2026\/08\/Hales-turgus-Saluhall-Vilnius-Litauen-LE-photo-scaled.jpg 1920w\" sizes=\"(max-width: 768px) 100vw, 768px\" \/>\t\t\t\t\t\t\t\t\t\t\t\t\t\t\t<\/div>\n\t\t\t\t<\/div>\n\t\t\t\t<\/div>\n\t\t\t\t<\/div>\n\t\t\t\t\t<\/div>\n\t\t\t\t<\/div>\n\t\t<div class=\"elementor-element elementor-element-a85823e e-flex e-con-boxed e-con e-parent\" data-id=\"a85823e\" data-element_type=\"container\" data-e-type=\"container\">\n\t\t\t\t\t<div class=\"e-con-inner\">\n\t\t<div class=\"elementor-element elementor-element-2da0f58 e-con-full e-flex e-con e-child\" data-id=\"2da0f58\" data-element_type=\"container\" data-e-type=\"container\">\n\t\t<div class=\"elementor-element elementor-element-5d433d4 e-con-full e-flex e-con e-child\" data-id=\"5d433d4\" data-element_type=\"container\" data-e-type=\"container\">\n\t\t<div class=\"elementor-element elementor-element-71dec74 e-con-full e-flex e-con e-child\" data-id=\"71dec74\" data-element_type=\"container\" data-e-type=\"container\">\n\t\t\t\t<div class=\"elementor-element elementor-element-31059ac elementor-widget elementor-widget-text-editor\" data-id=\"31059ac\" data-element_type=\"widget\" data-e-type=\"widget\" data-widget_type=\"text-editor.default\">\n\t\t\t\t\t\t\t\t\t<p><strong><b>Dag 2\u00a0 Vilnius, Trakai &amp; cykling genom det litauiska landskapet\u00a0<\/b><\/strong><\/p>\t\t\t\t\t\t\t\t<\/div>\n\t\t\t\t<\/div>\n\t\t\t\t<\/div>\n\t\t\t\t<\/div>\n\t\t\t\t\t<\/div>\n\t\t\t\t<\/div>\n\t\t<div class=\"elementor-element elementor-element-ed8eb31 e-flex e-con-boxed e-con e-parent\" data-id=\"ed8eb31\" data-element_type=\"container\" data-e-type=\"container\">\n\t\t\t\t\t<div class=\"e-con-inner\">\n\t\t<div class=\"elementor-element elementor-element-f0a23b6 e-con-full e-flex e-con e-child\" data-id=\"f0a23b6\" data-element_type=\"container\" data-e-type=\"container\">\n\t\t\t\t<div class=\"elementor-element elementor-element-44d7c27 elementor-widget__width-initial elementor-widget elementor-widget-text-editor\" data-id=\"44d7c27\" data-element_type=\"widget\" data-e-type=\"widget\" data-widget_type=\"text-editor.default\">\n\t\t\t\t\t\t\t\t\t<p>Eftermiddagens cykeltur g\u00e5r genom U\u017eutrakisparken till Trakai och tillbaka, cirka 20 kilometer. En lagom start p\u00e5 resans cykling, d\u00e4r vi f\u00e5r njuta av sj\u00f6landskap, gr\u00f6nska och den litauiska landsbygden.<\/p><p>Efter frukost b\u00f6rjar dagen med en stadsrundtur i Vilnius, d\u00e4r vi uppt\u00e4cker staden b\u00e5de till fots och med buss. Den historiska stadsk\u00e4rnan bjuder p\u00e5 en fascinerande blandning av arkitektur, historia och kultur.<\/p><p>Vid lunchtid l\u00e4mnar vi Vilnius och beger oss cirka 25 kilometer till Trakai, den tidigare huvudstaden i Storfurstend\u00f6met Litauen.<\/p><p>Trakai \u00e4r framf\u00f6r allt k\u00e4nt f\u00f6r sitt ikoniska slott, dramatiskt bel\u00e4get p\u00e5 en \u00f6 i sj\u00f6n Galv\u0117. Efter tid f\u00f6r egen lunch \u00e4r det dags att hoppa upp p\u00e5 cykeln.<\/p>\t\t\t\t\t\t\t\t<\/div>\n\t\t\t\t<\/div>\n\t\t<div class=\"elementor-element elementor-element-597b305 e-con-full e-flex e-con e-child\" data-id=\"597b305\" data-element_type=\"container\" data-e-type=\"container\">\n\t\t<div class=\"elementor-element elementor-element-9f659e8 e-con-full e-flex e-con e-child\" data-id=\"9f659e8\" data-element_type=\"container\" data-e-type=\"container\">\n\t\t\t\t<div class=\"elementor-element elementor-element-993718a elementor-widget elementor-widget-image\" data-id=\"993718a\" data-element_type=\"widget\" data-e-type=\"widget\" data-widget_type=\"image.default\">\n\t\t\t\t\t\t\t\t\t\t\t\t\t\t\t<img loading=\"lazy\" decoding=\"async\" width=\"1024\" height=\"683\" src=\"https:\/\/europeantours.se\/wp-content\/uploads\/2026\/08\/Biking_Trakai-1024x683.jpg\" class=\"attachment-large size-large wp-image-7749\" alt=\"\" srcset=\"https:\/\/europeantours.se\/wp-content\/uploads\/2026\/08\/Biking_Trakai-1024x683.jpg 1024w, https:\/\/europeantours.se\/wp-content\/uploads\/2026\/08\/Biking_Trakai-300x200.jpg 300w, https:\/\/europeantours.se\/wp-content\/uploads\/2026\/08\/Biking_Trakai-768x512.jpg 768w, https:\/\/europeantours.se\/wp-content\/uploads\/2026\/08\/Biking_Trakai-18x12.jpg 18w, https:\/\/europeantours.se\/wp-content\/uploads\/2026\/08\/Biking_Trakai.jpg 1500w\" sizes=\"(max-width: 1024px) 100vw, 1024px\" \/>\t\t\t\t\t\t\t\t\t\t\t\t\t\t\t<\/div>\n\t\t\t\t<div class=\"elementor-element elementor-element-f34d7fa elementor-widget elementor-widget-image\" data-id=\"f34d7fa\" data-element_type=\"widget\" data-e-type=\"widget\" data-widget_type=\"image.default\">\n\t\t\t\t\t\t\t\t\t\t\t\t\t\t\t<img loading=\"lazy\" decoding=\"async\" width=\"1024\" height=\"676\" src=\"https:\/\/europeantours.se\/wp-content\/uploads\/2026\/04\/Trakai-Lithuania-1024x676.jpg\" class=\"attachment-large size-large wp-image-7459\" alt=\"\" srcset=\"https:\/\/europeantours.se\/wp-content\/uploads\/2026\/04\/Trakai-Lithuania-1024x676.jpg 1024w, https:\/\/europeantours.se\/wp-content\/uploads\/2026\/04\/Trakai-Lithuania-300x198.jpg 300w, https:\/\/europeantours.se\/wp-content\/uploads\/2026\/04\/Trakai-Lithuania-768x507.jpg 768w, https:\/\/europeantours.se\/wp-content\/uploads\/2026\/04\/Trakai-Lithuania-1536x1015.jpg 1536w, https:\/\/europeantours.se\/wp-content\/uploads\/2026\/04\/Trakai-Lithuania-2048x1353.jpg 2048w, https:\/\/europeantours.se\/wp-content\/uploads\/2026\/04\/Trakai-Lithuania-18x12.jpg 18w\" sizes=\"(max-width: 1024px) 100vw, 1024px\" \/>\t\t\t\t\t\t\t\t\t\t\t\t\t\t\t<\/div>\n\t\t\t\t<\/div>\n\t\t\t\t<\/div>\n\t\t\t\t\t<\/div>\n\t\t\t\t<\/div>\n\t\t<div class=\"elementor-element elementor-element-eeec651 e-flex e-con-boxed e-con e-parent\" data-id=\"eeec651\" data-element_type=\"container\" data-e-type=\"container\">\n\t\t\t\t\t<div class=\"e-con-inner\">\n\t\t\t\t<div class=\"elementor-element elementor-element-f679e00 elementor-widget__width-initial elementor-widget elementor-widget-text-editor\" data-id=\"f679e00\" data-element_type=\"widget\" data-e-type=\"widget\" data-widget_type=\"text-editor.default\">\n\t\t\t\t\t\t\t\t\t<p>Fram\u00e5t sen eftermiddag g\u00e5r bussen tillbaka till Vilnius.<\/p><p>Cykling: cirka 20 km<br \/><span style=\"letter-spacing: 0px; word-spacing: 0em;\">\u00d6vernattning i\u00a0<\/span><span style=\"letter-spacing: 0px; word-spacing: 0em;\">Vilnius\u00a0<\/span><span style=\"letter-spacing: 0px; word-spacing: 0em;\">med frukost och middag.<\/span><\/p>\t\t\t\t\t\t\t\t<\/div>\n\t\t\t\t\t<\/div>\n\t\t\t\t<\/div>\n\t\t<div class=\"elementor-element elementor-element-4e61025 e-flex e-con-boxed e-con e-parent\" data-id=\"4e61025\" data-element_type=\"container\" data-e-type=\"container\">\n\t\t\t\t\t<div class=\"e-con-inner\">\n\t\t<div class=\"elementor-element elementor-element-5123d34 e-con-full e-flex e-con e-child\" data-id=\"5123d34\" data-element_type=\"container\" data-e-type=\"container\">\n\t\t<div class=\"elementor-element elementor-element-e7dbdd3 e-con-full e-flex e-con e-child\" data-id=\"e7dbdd3\" data-element_type=\"container\" data-e-type=\"container\">\n\t\t<div class=\"elementor-element elementor-element-b234778 e-con-full e-flex e-con e-child\" data-id=\"b234778\" data-element_type=\"container\" data-e-type=\"container\">\n\t\t\t\t<div class=\"elementor-element elementor-element-66e8141 elementor-widget elementor-widget-text-editor\" data-id=\"66e8141\" data-element_type=\"widget\" data-e-type=\"widget\" data-widget_type=\"text-editor.default\">\n\t\t\t\t\t\t\t\t\t<p><strong><b>Dag 3\u00a0 Vilnius &#8211; Cape Vente &amp; Klaip\u0117da<\/b><br \/><\/strong><\/p>\t\t\t\t\t\t\t\t<\/div>\n\t\t\t\t<div class=\"elementor-element elementor-element-035c5a8 elementor-widget__width-initial elementor-widget elementor-widget-text-editor\" data-id=\"035c5a8\" data-element_type=\"widget\" data-e-type=\"widget\" data-widget_type=\"text-editor.default\">\n\t\t\t\t\t\t\t\t\t<p>Efter frukost v\u00e4ntar en l\u00e4ngre busstransfer, cirka 300 km, mot Litauens \u00d6stersj\u00f6kust.<\/p><p>Vi g\u00f6r ett lunchstopp p\u00e5 restaurang i \u0160ilut\u0117, d\u00e4r du sj\u00e4lv v\u00e4ljer och betalar din lunch fr\u00e5n menyn.<\/p><p>Sedan b\u00f6rjar dagens cykel\u00e4ventyr.<\/p><p>Vi cyklar fr\u00e5n \u0160ilut\u0117 till Kintai och forts\u00e4tter l\u00e4ngs den vackra Kuriska lagunen mot Cape Vent\u0117. H\u00e4r v\u00e4ntar en av dagens verkliga h\u00f6jdpunkter \u2013 den ber\u00f6mda f\u00e5gelstationen och fyren vid Vent\u0117 udde.<\/p><p>Efter bes\u00f6ket cyklar vi tillbaka mot Kintai och forts\u00e4tter genom sm\u00e5 kustn\u00e4ra fiskebyar, d\u00e4r landskapet ger en fin inblick i det traditionella livet l\u00e4ngs den litauiska kusten.<\/p><p>D\u00e4refter v\u00e4ntar buss vidare till Klaip\u0117da, Litauens viktigaste hamnstad.<\/p><p>Cykling: cirka 30 km<br \/><span style=\"letter-spacing: 0px; word-spacing: 0em;\">\u00d6vernattning i Klaip\u0117da\u00a0<\/span><span style=\"letter-spacing: 0px; word-spacing: 0em;\">med frukost och middag.\u00a0<\/span><\/p>\t\t\t\t\t\t\t\t<\/div>\n\t\t<div class=\"elementor-element elementor-element-950f4ea e-grid e-con-full e-con e-child\" data-id=\"950f4ea\" data-element_type=\"container\" data-e-type=\"container\">\n\t\t\t\t<div class=\"elementor-element elementor-element-7075e97 elementor-widget elementor-widget-image\" data-id=\"7075e97\" data-element_type=\"widget\" data-e-type=\"widget\" data-widget_type=\"image.default\">\n\t\t\t\t\t\t\t\t\t\t\t\t\t\t\t<img loading=\"lazy\" decoding=\"async\" width=\"1024\" height=\"768\" src=\"https:\/\/europeantours.se\/wp-content\/uploads\/2026\/08\/IMG_7873-1024x768.jpg\" class=\"attachment-large size-large wp-image-7561\" alt=\"\" srcset=\"https:\/\/europeantours.se\/wp-content\/uploads\/2026\/08\/IMG_7873-1024x768.jpg 1024w, https:\/\/europeantours.se\/wp-content\/uploads\/2026\/08\/IMG_7873-300x225.jpg 300w, https:\/\/europeantours.se\/wp-content\/uploads\/2026\/08\/IMG_7873-768x576.jpg 768w, https:\/\/europeantours.se\/wp-content\/uploads\/2026\/08\/IMG_7873-1536x1152.jpg 1536w, https:\/\/europeantours.se\/wp-content\/uploads\/2026\/08\/IMG_7873-2048x1536.jpg 2048w, https:\/\/europeantours.se\/wp-content\/uploads\/2026\/08\/IMG_7873-16x12.jpg 16w\" sizes=\"(max-width: 1024px) 100vw, 1024px\" \/>\t\t\t\t\t\t\t\t\t\t\t\t\t\t\t<\/div>\n\t\t\t\t<div class=\"elementor-element elementor-element-2fa85cf elementor-widget elementor-widget-video\" data-id=\"2fa85cf\" data-element_type=\"widget\" data-e-type=\"widget\" data-settings=\"{&quot;video_type&quot;:&quot;hosted&quot;,&quot;controls&quot;:&quot;yes&quot;}\" data-widget_type=\"video.default\">\n\t\t\t\t\t\t\t<div class=\"e-hosted-video elementor-wrapper elementor-open-inline\">\n\t\t\t\t\t<video class=\"elementor-video\" src=\"https:\/\/europeantours.se\/wp-content\/uploads\/2026\/08\/Klaipeda-hamn-film-5sek-Litauen-LE-photo.mov\" controls=\"\" preload=\"metadata\" controlsList=\"nodownload\"><\/video>\n\t\t\t\t<\/div>\n\t\t\t\t\t\t<\/div>\n\t\t\t\t<div class=\"elementor-element elementor-element-2ef2772 elementor-widget elementor-widget-image\" data-id=\"2ef2772\" data-element_type=\"widget\" data-e-type=\"widget\" data-widget_type=\"image.default\">\n\t\t\t\t\t\t\t\t\t\t\t\t\t\t\t<img loading=\"lazy\" decoding=\"async\" width=\"1024\" height=\"576\" src=\"https:\/\/europeantours.se\/wp-content\/uploads\/2026\/08\/cycling_Baltic-1024x576.jpg\" class=\"attachment-large size-large wp-image-7750\" alt=\"\" srcset=\"https:\/\/europeantours.se\/wp-content\/uploads\/2026\/08\/cycling_Baltic-1024x576.jpg 1024w, https:\/\/europeantours.se\/wp-content\/uploads\/2026\/08\/cycling_Baltic-300x169.jpg 300w, https:\/\/europeantours.se\/wp-content\/uploads\/2026\/08\/cycling_Baltic-768x432.jpg 768w, https:\/\/europeantours.se\/wp-content\/uploads\/2026\/08\/cycling_Baltic-18x10.jpg 18w, https:\/\/europeantours.se\/wp-content\/uploads\/2026\/08\/cycling_Baltic.jpg 1233w\" sizes=\"(max-width: 1024px) 100vw, 1024px\" \/>\t\t\t\t\t\t\t\t\t\t\t\t\t\t\t<\/div>\n\t\t\t\t<\/div>\n\t\t\t\t<\/div>\n\t\t\t\t<\/div>\n\t\t\t\t<\/div>\n\t\t\t\t\t<\/div>\n\t\t\t\t<\/div>\n\t\t<div class=\"elementor-element elementor-element-4f17d16 e-flex e-con-boxed e-con e-parent\" data-id=\"4f17d16\" data-element_type=\"container\" data-e-type=\"container\">\n\t\t\t\t\t<div class=\"e-con-inner\">\n\t\t<div class=\"elementor-element elementor-element-89a742c e-con-full e-flex e-con e-child\" data-id=\"89a742c\" data-element_type=\"container\" data-e-type=\"container\">\n\t\t<div class=\"elementor-element elementor-element-06440ca e-con-full e-flex e-con e-child\" data-id=\"06440ca\" data-element_type=\"container\" data-e-type=\"container\">\n\t\t<div class=\"elementor-element elementor-element-1c161e0 e-con-full e-flex e-con e-child\" data-id=\"1c161e0\" data-element_type=\"container\" data-e-type=\"container\">\n\t\t\t\t<div class=\"elementor-element elementor-element-ec11310 elementor-widget elementor-widget-text-editor\" data-id=\"ec11310\" data-element_type=\"widget\" data-e-type=\"widget\" data-widget_type=\"text-editor.default\">\n\t\t\t\t\t\t\t\t\t<p><strong><b>Dag 4\u00a0 Nida &amp; Kuriska n\u00e4sets sanddyner<\/b><\/strong><\/p>\t\t\t\t\t\t\t\t<\/div>\n\t\t\t\t<div class=\"elementor-element elementor-element-d9e28ea elementor-widget elementor-widget-text-editor\" data-id=\"d9e28ea\" data-element_type=\"widget\" data-e-type=\"widget\" data-widget_type=\"text-editor.default\">\n\t\t\t\t\t\t\t\t\t<p>Dagens utflykt g\u00e5r till Nida, den st\u00f6rsta orten p\u00e5 Kuriska n\u00e4set.<\/p><p>Efter frukost tar vi bussen de cirka 45 kilometrarna till Nida. H\u00e4r f\u00e5r vi tid att uppt\u00e4cka den charmiga kustorten med sina traditionella fiskarhus, f\u00e4rgstarka detaljer och genuina atmosf\u00e4r.<\/p><p>Vi bes\u00f6ker bland annat:<\/p><ul><li>Traditionella fiskarhus<\/li><li>B\u00e4rnstensgalleriet<\/li><li>Thomas Manns kulturcentrum<\/li><li>De imponerande sanddynerna som \u00e4r h\u00f6gst i norra Europa<\/li><\/ul><p>Kuriska n\u00e4set \u00e4r ett av Baltikums mest spektakul\u00e4ra naturomr\u00e5den, med ett landskap d\u00e4r sanddyner, hav, lagun och tallskog m\u00f6ts.<\/p><p>Efter lunch i Nida v\u00e4ntar dagens cykling genom Kuriska n\u00e4sets nationalpark, som \u00e4r upptagen p\u00e5 UNESCO:s v\u00e4rldsarvslista.<\/p><p>Vi cyklar genom ett landskap som k\u00e4nns n\u00e4stan overkligt \u2013 l\u00e4ngs sanddyner, str\u00e4nder och doftande tallskogar.<\/p><p>Efter cyklingen tar vi f\u00e4rjan fr\u00e5n Smiltyn\u0117 tillbaka till Klaip\u0117da.<\/p><p>Den som vill kan avsluta dagen med en promenad i Klaip\u0117das gamla stad.<\/p><p>Cykling: cirka 35 km<br \/>\u00d6vernattning i Klaip\u0117da\u00a0<span style=\"letter-spacing: 0px; word-spacing: 0em;\">med frukost och middag.<\/span><\/p>\t\t\t\t\t\t\t\t<\/div>\n\t\t<div class=\"elementor-element elementor-element-7815ee1 e-grid e-con-full e-con e-child\" data-id=\"7815ee1\" data-element_type=\"container\" data-e-type=\"container\">\n\t\t\t\t<div class=\"elementor-element elementor-element-7689968 elementor-widget elementor-widget-image\" data-id=\"7689968\" data-element_type=\"widget\" data-e-type=\"widget\" data-widget_type=\"image.default\">\n\t\t\t\t\t\t\t\t\t\t\t\t\t\t\t<img loading=\"lazy\" decoding=\"async\" width=\"219\" height=\"146\" src=\"https:\/\/europeantours.se\/wp-content\/uploads\/2026\/06\/Nidas-sanddyn-Baltic.png\" class=\"attachment-large size-large wp-image-7365\" alt=\"\" srcset=\"https:\/\/europeantours.se\/wp-content\/uploads\/2026\/06\/Nidas-sanddyn-Baltic.png 219w, https:\/\/europeantours.se\/wp-content\/uploads\/2026\/06\/Nidas-sanddyn-Baltic-18x12.png 18w\" sizes=\"(max-width: 219px) 100vw, 219px\" \/>\t\t\t\t\t\t\t\t\t\t\t\t\t\t\t<\/div>\n\t\t\t\t<div class=\"elementor-element elementor-element-30e1319 elementor-widget elementor-widget-image\" data-id=\"30e1319\" data-element_type=\"widget\" data-e-type=\"widget\" data-widget_type=\"image.default\">\n\t\t\t\t\t\t\t\t\t\t\t\t\t\t\t<img loading=\"lazy\" decoding=\"async\" width=\"1024\" height=\"576\" src=\"https:\/\/europeantours.se\/wp-content\/uploads\/2026\/08\/cycling_Curonian_Spit-1024x576.jpg\" class=\"attachment-large size-large wp-image-7747\" alt=\"\" srcset=\"https:\/\/europeantours.se\/wp-content\/uploads\/2026\/08\/cycling_Curonian_Spit-1024x576.jpg 1024w, https:\/\/europeantours.se\/wp-content\/uploads\/2026\/08\/cycling_Curonian_Spit-300x169.jpg 300w, https:\/\/europeantours.se\/wp-content\/uploads\/2026\/08\/cycling_Curonian_Spit-768x432.jpg 768w, https:\/\/europeantours.se\/wp-content\/uploads\/2026\/08\/cycling_Curonian_Spit-18x10.jpg 18w, https:\/\/europeantours.se\/wp-content\/uploads\/2026\/08\/cycling_Curonian_Spit.jpg 1233w\" sizes=\"(max-width: 1024px) 100vw, 1024px\" \/>\t\t\t\t\t\t\t\t\t\t\t\t\t\t\t<\/div>\n\t\t\t\t<div class=\"elementor-element elementor-element-5b847ea elementor-widget elementor-widget-image\" data-id=\"5b847ea\" data-element_type=\"widget\" data-e-type=\"widget\" data-widget_type=\"image.default\">\n\t\t\t\t\t\t\t\t\t\t\t\t\t\t\t<img loading=\"lazy\" decoding=\"async\" width=\"768\" height=\"1024\" src=\"https:\/\/europeantours.se\/wp-content\/uploads\/2026\/06\/Litauen-Klaipeda-mat-LE-photo-768x1024.jpg\" class=\"attachment-large size-large wp-image-7345\" alt=\"\" srcset=\"https:\/\/europeantours.se\/wp-content\/uploads\/2026\/06\/Litauen-Klaipeda-mat-LE-photo-768x1024.jpg 768w, https:\/\/europeantours.se\/wp-content\/uploads\/2026\/06\/Litauen-Klaipeda-mat-LE-photo-225x300.jpg 225w, https:\/\/europeantours.se\/wp-content\/uploads\/2026\/06\/Litauen-Klaipeda-mat-LE-photo-1152x1536.jpg 1152w, https:\/\/europeantours.se\/wp-content\/uploads\/2026\/06\/Litauen-Klaipeda-mat-LE-photo-1536x2048.jpg 1536w, https:\/\/europeantours.se\/wp-content\/uploads\/2026\/06\/Litauen-Klaipeda-mat-LE-photo-9x12.jpg 9w, https:\/\/europeantours.se\/wp-content\/uploads\/2026\/06\/Litauen-Klaipeda-mat-LE-photo-scaled.jpg 1920w\" sizes=\"(max-width: 768px) 100vw, 768px\" \/>\t\t\t\t\t\t\t\t\t\t\t\t\t\t\t<\/div>\n\t\t\t\t<\/div>\n\t\t\t\t<\/div>\n\t\t\t\t<\/div>\n\t\t\t\t<\/div>\n\t\t\t\t\t<\/div>\n\t\t\t\t<\/div>\n\t\t<div class=\"elementor-element elementor-element-38a61ff e-flex e-con-boxed e-con e-parent\" data-id=\"38a61ff\" data-element_type=\"container\" data-e-type=\"container\">\n\t\t\t\t\t<div class=\"e-con-inner\">\n\t\t<div class=\"elementor-element elementor-element-4df25ea e-con-full e-flex e-con e-child\" data-id=\"4df25ea\" data-element_type=\"container\" data-e-type=\"container\">\n\t\t<div class=\"elementor-element elementor-element-776b174 e-con-full e-flex e-con e-child\" data-id=\"776b174\" data-element_type=\"container\" data-e-type=\"container\">\n\t\t<div class=\"elementor-element elementor-element-c29a3b1 e-con-full e-flex e-con e-child\" data-id=\"c29a3b1\" data-element_type=\"container\" data-e-type=\"container\">\n\t\t\t\t<div class=\"elementor-element elementor-element-2da841c elementor-widget elementor-widget-text-editor\" data-id=\"2da841c\" data-element_type=\"widget\" data-e-type=\"widget\" data-widget_type=\"text-editor.default\">\n\t\t\t\t\t\t\t\t\t<p><strong><b>Dag 5\u00a0 Klaip\u0117da, Palanga &amp; vidare till Riga\u00a0<\/b><\/strong><\/p>\t\t\t\t\t\t\t\t<\/div>\n\t\t\t\t<div class=\"elementor-element elementor-element-df3e606 elementor-widget elementor-widget-text-editor\" data-id=\"df3e606\" data-element_type=\"widget\" data-e-type=\"widget\" data-widget_type=\"text-editor.default\">\n\t\t\t\t\t\t\t\t\t<p>Vi l\u00e4mnar Klaip\u0117da p\u00e5 cykel och f\u00f6ljer kusten norrut mot Palanga, Litauens mest k\u00e4nda badort.<\/p><p>P\u00e5 v\u00e4gen passerar vi det dramatiska kustlandskapet med 24 meter h\u00f6ga havsklippor, den lilla fiskebyn Karkl\u0117 och det vackra kustlandskapet l\u00e4ngs \u00d6stersj\u00f6n.<\/p><p>F\u00f6re lunch v\u00e4ntar ett bes\u00f6k i Palangas botaniska park och B\u00e4rnstensmuseum som \u00e4r bel\u00e4get i Ti\u0161kevi\u010diai Palace. D\u00e4refter blir det en kortare stadsrundtur och tid f\u00f6r lunch.<\/p><p>Efter lunch forts\u00e4tter vi med cirka 15 km cykling till \u0160ventoji.<\/p><p>Sedan l\u00e4mnar vi Litauen och forts\u00e4tter med buss mot Riga, Lettlands huvudstad, cirka 270 km bort. Riga \u00e4r den livligaste och st\u00f6rsta staden av de tre baltiska huvudst\u00e4derna.<\/p><p>Efter ankomst checkar vi in p\u00e5 hotellet och kan b\u00f6rja uppt\u00e4cka en ny baltisk huvudstad.<\/p><p>Cykling: cirka 35 km.<br \/>\u00d6vernattning i Riga\u00a0<span style=\"letter-spacing: 0px; word-spacing: 0em;\">med middag och frukost.\u00a0<\/span><\/p>\t\t\t\t\t\t\t\t<\/div>\n\t\t<div class=\"elementor-element elementor-element-8c76053 e-grid e-con-full e-con e-child\" data-id=\"8c76053\" data-element_type=\"container\" data-e-type=\"container\">\n\t\t\t\t<div class=\"elementor-element elementor-element-df97f48 elementor-widget elementor-widget-image\" data-id=\"df97f48\" data-element_type=\"widget\" data-e-type=\"widget\" data-widget_type=\"image.default\">\n\t\t\t\t\t\t\t\t\t\t\t\t\t\t\t<img loading=\"lazy\" decoding=\"async\" width=\"768\" height=\"1024\" src=\"https:\/\/europeantours.se\/wp-content\/uploads\/2026\/06\/Litauen-Klaipeda-torn-i-hamnen-LE-photo-768x1024.jpg\" class=\"attachment-large size-large wp-image-7346\" alt=\"\" srcset=\"https:\/\/europeantours.se\/wp-content\/uploads\/2026\/06\/Litauen-Klaipeda-torn-i-hamnen-LE-photo-768x1024.jpg 768w, https:\/\/europeantours.se\/wp-content\/uploads\/2026\/06\/Litauen-Klaipeda-torn-i-hamnen-LE-photo-225x300.jpg 225w, https:\/\/europeantours.se\/wp-content\/uploads\/2026\/06\/Litauen-Klaipeda-torn-i-hamnen-LE-photo-1152x1536.jpg 1152w, https:\/\/europeantours.se\/wp-content\/uploads\/2026\/06\/Litauen-Klaipeda-torn-i-hamnen-LE-photo-1536x2048.jpg 1536w, https:\/\/europeantours.se\/wp-content\/uploads\/2026\/06\/Litauen-Klaipeda-torn-i-hamnen-LE-photo-9x12.jpg 9w, https:\/\/europeantours.se\/wp-content\/uploads\/2026\/06\/Litauen-Klaipeda-torn-i-hamnen-LE-photo-scaled.jpg 1920w\" sizes=\"(max-width: 768px) 100vw, 768px\" \/>\t\t\t\t\t\t\t\t\t\t\t\t\t\t\t<\/div>\n\t\t\t\t<div class=\"elementor-element elementor-element-b940a4c elementor-widget elementor-widget-image\" data-id=\"b940a4c\" data-element_type=\"widget\" data-e-type=\"widget\" data-widget_type=\"image.default\">\n\t\t\t\t\t\t\t\t\t\t\t\t\t\t\t<img decoding=\"async\" src=\"https:\/\/europeantours.se\/wp-content\/uploads\/2026\/08\/Lettland-Riga-staty-LE-photo-scaled.jpg\" title=\"Lettland \u2013 Riga staty \u2013 LE photo\" alt=\"Lettland - Riga staty - LE photo\" loading=\"lazy\" \/>\t\t\t\t\t\t\t\t\t\t\t\t\t\t\t<\/div>\n\t\t\t\t<div class=\"elementor-element elementor-element-135c6cd elementor-widget elementor-widget-image\" data-id=\"135c6cd\" data-element_type=\"widget\" data-e-type=\"widget\" data-widget_type=\"image.default\">\n\t\t\t\t\t\t\t\t\t\t\t\t\t\t\t<img loading=\"lazy\" decoding=\"async\" width=\"1024\" height=\"768\" src=\"https:\/\/europeantours.se\/wp-content\/uploads\/2026\/08\/Lettland-Riga-Backockhus-2-LE-photo-1024x768.jpg\" class=\"attachment-large size-large wp-image-7413\" alt=\"\" srcset=\"https:\/\/europeantours.se\/wp-content\/uploads\/2026\/08\/Lettland-Riga-Backockhus-2-LE-photo-1024x768.jpg 1024w, https:\/\/europeantours.se\/wp-content\/uploads\/2026\/08\/Lettland-Riga-Backockhus-2-LE-photo-300x225.jpg 300w, https:\/\/europeantours.se\/wp-content\/uploads\/2026\/08\/Lettland-Riga-Backockhus-2-LE-photo-768x576.jpg 768w, https:\/\/europeantours.se\/wp-content\/uploads\/2026\/08\/Lettland-Riga-Backockhus-2-LE-photo-1536x1152.jpg 1536w, https:\/\/europeantours.se\/wp-content\/uploads\/2026\/08\/Lettland-Riga-Backockhus-2-LE-photo-2048x1536.jpg 2048w, https:\/\/europeantours.se\/wp-content\/uploads\/2026\/08\/Lettland-Riga-Backockhus-2-LE-photo-16x12.jpg 16w\" sizes=\"(max-width: 1024px) 100vw, 1024px\" \/>\t\t\t\t\t\t\t\t\t\t\t\t\t\t\t<\/div>\n\t\t\t\t<\/div>\n\t\t\t\t<\/div>\n\t\t\t\t<\/div>\n\t\t\t\t<\/div>\n\t\t\t\t\t<\/div>\n\t\t\t\t<\/div>\n\t\t<div class=\"elementor-element elementor-element-776f2cb e-flex e-con-boxed e-con e-parent\" data-id=\"776f2cb\" data-element_type=\"container\" data-e-type=\"container\">\n\t\t\t\t\t<div class=\"e-con-inner\">\n\t\t<div class=\"elementor-element elementor-element-44179d6 e-con-full e-flex e-con e-child\" data-id=\"44179d6\" data-element_type=\"container\" data-e-type=\"container\">\n\t\t<div class=\"elementor-element elementor-element-a0faa31 e-con-full e-flex e-con e-child\" data-id=\"a0faa31\" data-element_type=\"container\" data-e-type=\"container\">\n\t\t<div class=\"elementor-element elementor-element-30a8806 e-con-full e-flex e-con e-child\" data-id=\"30a8806\" data-element_type=\"container\" data-e-type=\"container\">\n\t\t\t\t<div class=\"elementor-element elementor-element-1fc75d1 elementor-widget elementor-widget-text-editor\" data-id=\"1fc75d1\" data-element_type=\"widget\" data-e-type=\"widget\" data-widget_type=\"text-editor.default\">\n\t\t\t\t\t\t\t\t\t<p><strong><b>Dag\u00a0 6\u00a0 Riga \u2013 J\u016brmala<\/b><\/strong><\/p>\t\t\t\t\t\t\t\t<\/div>\n\t\t\t\t<div class=\"elementor-element elementor-element-3a119a5 elementor-widget elementor-widget-text-editor\" data-id=\"3a119a5\" data-element_type=\"widget\" data-e-type=\"widget\" data-widget_type=\"text-editor.default\">\n\t\t\t\t\t\t\t\t\t<p>Efter frukost \u00e4r det dags att \u00e5terigen ta cykeln och f\u00f6lja v\u00e4gen mot J\u016brmala, Lettlands ber\u00f6mda badort.<\/p><p>H\u00e4r m\u00f6ter vi ett helt annat kustlandskap med l\u00e5nga, sandiga str\u00e4nder och en avslappnad semesteratmosf\u00e4r. Vi cyklar l\u00e4ngs stranden och f\u00e5r tid att uppleva J\u016brmala innan vi tar en paus f\u00f6r lunch.<\/p><p>P\u00e5 eftermiddagen g\u00e5r bussen tillbaka till Riga.<\/p><p>Sedan v\u00e4ntar en promenadtur genom Riga, d\u00e4r vi f\u00e5r uppt\u00e4cka den historiska stadsk\u00e4rnan och uppleva Lettlands dynamiska huvudstad. Middagen kommer att serveras i den gamla delen av staden.<\/p><p>Riga \u00e4r en stad med en sp\u00e4nnande blandning av medeltida milj\u00f6er, jugendarkitektur, parker och livliga torg.<\/p><p>Cykling: cirka 25 km<br \/>\u00d6vernattning i Riga\u00a0<span style=\"letter-spacing: 0px; word-spacing: 0em;\">med middag och frukost.\u00a0<\/span><\/p>\t\t\t\t\t\t\t\t<\/div>\n\t\t<div class=\"elementor-element elementor-element-9c7566d e-grid e-con-full e-con e-child\" data-id=\"9c7566d\" data-element_type=\"container\" data-e-type=\"container\">\n\t\t\t\t<div class=\"elementor-element elementor-element-f229c27 elementor-widget elementor-widget-image\" data-id=\"f229c27\" data-element_type=\"widget\" data-e-type=\"widget\" data-widget_type=\"image.default\">\n\t\t\t\t\t\t\t\t\t\t\t\t\t\t\t<img loading=\"lazy\" decoding=\"async\" width=\"1024\" height=\"768\" src=\"https:\/\/europeantours.se\/wp-content\/uploads\/2026\/08\/Lettland-Riga-gatuvy-2-LE-photo-1024x768.jpg\" class=\"attachment-large size-large wp-image-7417\" alt=\"\" srcset=\"https:\/\/europeantours.se\/wp-content\/uploads\/2026\/08\/Lettland-Riga-gatuvy-2-LE-photo-1024x768.jpg 1024w, https:\/\/europeantours.se\/wp-content\/uploads\/2026\/08\/Lettland-Riga-gatuvy-2-LE-photo-300x225.jpg 300w, https:\/\/europeantours.se\/wp-content\/uploads\/2026\/08\/Lettland-Riga-gatuvy-2-LE-photo-768x576.jpg 768w, https:\/\/europeantours.se\/wp-content\/uploads\/2026\/08\/Lettland-Riga-gatuvy-2-LE-photo-1536x1152.jpg 1536w, https:\/\/europeantours.se\/wp-content\/uploads\/2026\/08\/Lettland-Riga-gatuvy-2-LE-photo-2048x1536.jpg 2048w, https:\/\/europeantours.se\/wp-content\/uploads\/2026\/08\/Lettland-Riga-gatuvy-2-LE-photo-16x12.jpg 16w\" sizes=\"(max-width: 1024px) 100vw, 1024px\" \/>\t\t\t\t\t\t\t\t\t\t\t\t\t\t\t<\/div>\n\t\t\t\t<div class=\"elementor-element elementor-element-78e3c63 elementor-widget elementor-widget-video\" data-id=\"78e3c63\" data-element_type=\"widget\" data-e-type=\"widget\" data-settings=\"{&quot;video_type&quot;:&quot;hosted&quot;,&quot;controls&quot;:&quot;yes&quot;}\" data-widget_type=\"video.default\">\n\t\t\t\t\t\t\t<div class=\"e-hosted-video elementor-wrapper elementor-open-inline\">\n\t\t\t\t\t<video class=\"elementor-video\" src=\"https:\/\/europeantours.se\/wp-content\/uploads\/2026\/08\/Jurmala-strand-film-Lettland-LE-photo.mov\" controls=\"\" preload=\"metadata\" controlsList=\"nodownload\"><\/video>\n\t\t\t\t<\/div>\n\t\t\t\t\t\t<\/div>\n\t\t\t\t<div class=\"elementor-element elementor-element-015d5c3 elementor-widget elementor-widget-image\" data-id=\"015d5c3\" data-element_type=\"widget\" data-e-type=\"widget\" data-widget_type=\"image.default\">\n\t\t\t\t\t\t\t\t\t\t\t\t\t\t\t<img loading=\"lazy\" decoding=\"async\" width=\"1024\" height=\"768\" src=\"https:\/\/europeantours.se\/wp-content\/uploads\/2026\/08\/Jurmala-travilla-2-Lettland-LE-photo-1024x768.jpg\" class=\"attachment-large size-large wp-image-7755\" alt=\"\" srcset=\"https:\/\/europeantours.se\/wp-content\/uploads\/2026\/08\/Jurmala-travilla-2-Lettland-LE-photo-1024x768.jpg 1024w, https:\/\/europeantours.se\/wp-content\/uploads\/2026\/08\/Jurmala-travilla-2-Lettland-LE-photo-300x225.jpg 300w, https:\/\/europeantours.se\/wp-content\/uploads\/2026\/08\/Jurmala-travilla-2-Lettland-LE-photo-768x576.jpg 768w, https:\/\/europeantours.se\/wp-content\/uploads\/2026\/08\/Jurmala-travilla-2-Lettland-LE-photo-1536x1152.jpg 1536w, https:\/\/europeantours.se\/wp-content\/uploads\/2026\/08\/Jurmala-travilla-2-Lettland-LE-photo-2048x1536.jpg 2048w, https:\/\/europeantours.se\/wp-content\/uploads\/2026\/08\/Jurmala-travilla-2-Lettland-LE-photo-16x12.jpg 16w\" sizes=\"(max-width: 1024px) 100vw, 1024px\" \/>\t\t\t\t\t\t\t\t\t\t\t\t\t\t\t<\/div>\n\t\t\t\t<\/div>\n\t\t\t\t<\/div>\n\t\t\t\t<\/div>\n\t\t\t\t<\/div>\n\t\t\t\t\t<\/div>\n\t\t\t\t<\/div>\n\t\t<div class=\"elementor-element elementor-element-e66dd60 e-flex e-con-boxed e-con e-parent\" data-id=\"e66dd60\" data-element_type=\"container\" data-e-type=\"container\">\n\t\t\t\t\t<div class=\"e-con-inner\">\n\t\t<div class=\"elementor-element elementor-element-890bf46 e-con-full e-flex e-con e-child\" data-id=\"890bf46\" data-element_type=\"container\" data-e-type=\"container\">\n\t\t<div class=\"elementor-element elementor-element-1972c26 e-con-full e-flex e-con e-child\" data-id=\"1972c26\" data-element_type=\"container\" data-e-type=\"container\">\n\t\t<div class=\"elementor-element elementor-element-510fa68 e-con-full e-flex e-con e-child\" data-id=\"510fa68\" data-element_type=\"container\" data-e-type=\"container\">\n\t\t<div class=\"elementor-element elementor-element-8bca41c e-con-full e-flex e-con e-child\" data-id=\"8bca41c\" data-element_type=\"container\" data-e-type=\"container\">\n\t\t\t\t<div class=\"elementor-element elementor-element-ebc4bf6 elementor-widget elementor-widget-text-editor\" data-id=\"ebc4bf6\" data-element_type=\"widget\" data-e-type=\"widget\" data-widget_type=\"text-editor.default\">\n\t\t\t\t\t\t\t\t\t<p><strong><b>Dag\u00a0 7\u00a0 Riga, P\u00e4rnu &amp; Saaremaa<\/b><\/strong><\/p>\t\t\t\t\t\t\t\t<\/div>\n\t\t\t\t<\/div>\n\t\t\t\t<\/div>\n\t\t\t\t<\/div>\n\t\t\t\t<\/div>\n\t\t\t\t\t<\/div>\n\t\t\t\t<\/div>\n\t\t<div class=\"elementor-element elementor-element-4ddceef e-flex e-con-boxed e-con e-parent\" data-id=\"4ddceef\" data-element_type=\"container\" data-e-type=\"container\">\n\t\t\t\t\t<div class=\"e-con-inner\">\n\t\t<div class=\"elementor-element elementor-element-668ece6 e-con-full e-flex e-con e-child\" data-id=\"668ece6\" data-element_type=\"container\" data-e-type=\"container\">\n\t\t<div class=\"elementor-element elementor-element-6fb508b e-con-full e-flex e-con e-child\" data-id=\"6fb508b\" data-element_type=\"container\" data-e-type=\"container\">\n\t\t\t\t<div class=\"elementor-element elementor-element-b2b690f elementor-widget elementor-widget-text-editor\" data-id=\"b2b690f\" data-element_type=\"widget\" data-e-type=\"widget\" data-widget_type=\"text-editor.default\">\n\t\t\t\t\t\t\t\t\t<p>Idag l\u00e4mnar vi Lettland och forts\u00e4tter norrut mot Estland.<\/p><p>Efter frukost v\u00e4ntar buss till P\u00e4rnu, cirka 180 km bort. P\u00e4rnu \u00e4r Estlands klassiska bad- och sommarstad, och vi g\u00f6r en kort sightseeing och kaffepaus innan resan forts\u00e4tter.<\/p><p>Vi k\u00f6r vidare till Virtsu, cirka 70 km, d\u00e4r vi tar f\u00e4rjan \u00f6ver till Muhu.<\/p><p>Efter lunch p\u00e5 Muhu forts\u00e4tter vi vidare med f\u00e4rja till Estlands st\u00f6rsta \u00f6 \u2013 Saaremaa.<\/p><p>Nu b\u00f6rjar ett av resans stora cykel\u00e4ventyr. Eftermiddagens cykeltur g\u00e5r till den norra delen av \u00f6n, d\u00e4r vi bes\u00f6ker Anglas historiska v\u00e4derkvarnspark innan vi forts\u00e4tter s\u00f6derut tillbaka till hotellet.<\/p><p><span style=\"letter-spacing: 0px; word-spacing: 0em;\">Saaremaa \u00e4r k\u00e4nt f\u00f6r sin or\u00f6rda natur, sina lugna v\u00e4gar och sitt speciella \u00f6landskap \u2013 en perfekt milj\u00f6 f\u00f6r cykling.<\/span><\/p><p>Dagen avslutas i Kuressaare, Saaremaas huvudort.<\/p><p>\u00d6vernattning i Kuressaare med\u00a0<span style=\"letter-spacing: 0px; word-spacing: 0em;\">middag och frukost.\u00a0<\/span><\/p>\t\t\t\t\t\t\t\t<\/div>\n\t\t\t\t<\/div>\n\t\t<div class=\"elementor-element elementor-element-e0ffaf2 e-con-full e-flex e-con e-child\" data-id=\"e0ffaf2\" data-element_type=\"container\" data-e-type=\"container\">\n\t\t<div class=\"elementor-element elementor-element-af54a23 e-con-full e-flex e-con e-child\" data-id=\"af54a23\" data-element_type=\"container\" data-e-type=\"container\">\n\t\t\t\t<div class=\"elementor-element elementor-element-5959634 elementor-widget elementor-widget-image\" data-id=\"5959634\" data-element_type=\"widget\" data-e-type=\"widget\" data-widget_type=\"image.default\">\n\t\t\t\t\t\t\t\t\t\t\t\t\t\t\t<img loading=\"lazy\" decoding=\"async\" width=\"1024\" height=\"683\" src=\"https:\/\/europeantours.se\/wp-content\/uploads\/2026\/08\/pexels-margo-evardson-2158292018-37417316-Parnu-Estland-1024x683.jpg\" class=\"attachment-large size-large wp-image-7773\" alt=\"\" srcset=\"https:\/\/europeantours.se\/wp-content\/uploads\/2026\/08\/pexels-margo-evardson-2158292018-37417316-Parnu-Estland-1024x683.jpg 1024w, https:\/\/europeantours.se\/wp-content\/uploads\/2026\/08\/pexels-margo-evardson-2158292018-37417316-Parnu-Estland-300x200.jpg 300w, https:\/\/europeantours.se\/wp-content\/uploads\/2026\/08\/pexels-margo-evardson-2158292018-37417316-Parnu-Estland-768x512.jpg 768w, https:\/\/europeantours.se\/wp-content\/uploads\/2026\/08\/pexels-margo-evardson-2158292018-37417316-Parnu-Estland-1536x1024.jpg 1536w, https:\/\/europeantours.se\/wp-content\/uploads\/2026\/08\/pexels-margo-evardson-2158292018-37417316-Parnu-Estland-2048x1365.jpg 2048w, https:\/\/europeantours.se\/wp-content\/uploads\/2026\/08\/pexels-margo-evardson-2158292018-37417316-Parnu-Estland-18x12.jpg 18w\" sizes=\"(max-width: 1024px) 100vw, 1024px\" \/>\t\t\t\t\t\t\t\t\t\t\t\t\t\t\t<\/div>\n\t\t\t\t<div class=\"elementor-element elementor-element-e1ba8e2 elementor-widget elementor-widget-image\" data-id=\"e1ba8e2\" data-element_type=\"widget\" data-e-type=\"widget\" data-widget_type=\"image.default\">\n\t\t\t\t\t\t\t\t\t\t\t\t\t\t\t<img loading=\"lazy\" decoding=\"async\" width=\"1024\" height=\"683\" src=\"https:\/\/europeantours.se\/wp-content\/uploads\/2026\/08\/pexels-margo-evardson-2158292018-37061849-Saaremaa-Estland-1024x683.jpg\" class=\"attachment-large size-large wp-image-7775\" alt=\"\" srcset=\"https:\/\/europeantours.se\/wp-content\/uploads\/2026\/08\/pexels-margo-evardson-2158292018-37061849-Saaremaa-Estland-1024x683.jpg 1024w, https:\/\/europeantours.se\/wp-content\/uploads\/2026\/08\/pexels-margo-evardson-2158292018-37061849-Saaremaa-Estland-300x200.jpg 300w, https:\/\/europeantours.se\/wp-content\/uploads\/2026\/08\/pexels-margo-evardson-2158292018-37061849-Saaremaa-Estland-768x512.jpg 768w, https:\/\/europeantours.se\/wp-content\/uploads\/2026\/08\/pexels-margo-evardson-2158292018-37061849-Saaremaa-Estland-1536x1024.jpg 1536w, https:\/\/europeantours.se\/wp-content\/uploads\/2026\/08\/pexels-margo-evardson-2158292018-37061849-Saaremaa-Estland-2048x1365.jpg 2048w, https:\/\/europeantours.se\/wp-content\/uploads\/2026\/08\/pexels-margo-evardson-2158292018-37061849-Saaremaa-Estland-18x12.jpg 18w\" sizes=\"(max-width: 1024px) 100vw, 1024px\" \/>\t\t\t\t\t\t\t\t\t\t\t\t\t\t\t<\/div>\n\t\t\t\t<\/div>\n\t\t\t\t<\/div>\n\t\t\t\t<\/div>\n\t\t\t\t\t<\/div>\n\t\t\t\t<\/div>\n\t\t<div class=\"elementor-element elementor-element-3a18999 e-flex e-con-boxed e-con e-parent\" data-id=\"3a18999\" data-element_type=\"container\" data-e-type=\"container\">\n\t\t\t\t\t<div class=\"e-con-inner\">\n\t\t<div class=\"elementor-element elementor-element-8aaf6d3 e-con-full e-flex e-con e-child\" data-id=\"8aaf6d3\" data-element_type=\"container\" data-e-type=\"container\">\n\t\t<div class=\"elementor-element elementor-element-470d0d0 e-con-full e-flex e-con e-child\" data-id=\"470d0d0\" data-element_type=\"container\" data-e-type=\"container\">\n\t\t<div class=\"elementor-element elementor-element-275e889 e-con-full e-flex e-con e-child\" data-id=\"275e889\" data-element_type=\"container\" data-e-type=\"container\">\n\t\t<div class=\"elementor-element elementor-element-6150fcd e-con-full e-flex e-con e-child\" data-id=\"6150fcd\" data-element_type=\"container\" data-e-type=\"container\">\n\t\t\t\t<div class=\"elementor-element elementor-element-f1a24c7 elementor-widget elementor-widget-text-editor\" data-id=\"f1a24c7\" data-element_type=\"widget\" data-e-type=\"widget\" data-widget_type=\"text-editor.default\">\n\t\t\t\t\t\t\t\t\t<p><strong><b>Dag\u00a0 8\u00a0 Cykeldag p\u00e5 Saaremaa<\/b><\/strong><\/p>\t\t\t\t\t\t\t\t<\/div>\n\t\t\t\t<\/div>\n\t\t\t\t<\/div>\n\t\t\t\t<\/div>\n\t\t\t\t<\/div>\n\t\t\t\t\t<\/div>\n\t\t\t\t<\/div>\n\t\t<div class=\"elementor-element elementor-element-b617ee3 e-flex e-con-boxed e-con e-parent\" data-id=\"b617ee3\" data-element_type=\"container\" data-e-type=\"container\">\n\t\t\t\t\t<div class=\"e-con-inner\">\n\t\t<div class=\"elementor-element elementor-element-a6ab733 e-con-full e-flex e-con e-child\" data-id=\"a6ab733\" data-element_type=\"container\" data-e-type=\"container\">\n\t\t<div class=\"elementor-element elementor-element-e2eda08 e-con-full e-flex e-con e-child\" data-id=\"e2eda08\" data-element_type=\"container\" data-e-type=\"container\">\n\t\t\t\t<div class=\"elementor-element elementor-element-67b840b elementor-widget elementor-widget-text-editor\" data-id=\"67b840b\" data-element_type=\"widget\" data-e-type=\"widget\" data-widget_type=\"text-editor.default\">\n\t\t\t\t\t\t\t\t\t<p class=\"PDq2pG_selectionAnchorContainer\" data-start=\"0\" data-end=\"264\">Vi l\u00e4mnar Kuressaare och cyklar s\u00f6derut l\u00e4ngs lugna och rofyllda sm\u00e5v\u00e4gar, genom skogar och naturreservat. L\u00e4ngs v\u00e4gen finns m\u00f6jlighet att g\u00f6ra stopp vid n\u00e5gra av \u00f6ns vackra str\u00e4nder och vid <strong data-start=\"191\" data-end=\"222\">Tehumardis krigsminnesm\u00e4rke<\/strong>, som ber\u00e4ttar om \u00f6ns dramatiska historia.<\/p><p data-start=\"266\" data-end=\"505\">Cykelturen b\u00f6rjar vid <strong data-start=\"288\" data-end=\"312\">Kaali meteoritkrater<\/strong>, en n\u00e4stan perfekt rund sj\u00f6 som bildades f\u00f6r omkring 3 500 \u00e5r sedan n\u00e4r en meteorit slog ner p\u00e5 \u00f6n. H\u00e4rifr\u00e5n forts\u00e4tter vi genom det lantliga landskapet via <strong data-start=\"470\" data-end=\"488\">Mustla och Upa<\/strong> till Kuressaare.<\/p><p data-start=\"507\" data-end=\"747\">Tillbaka i Kuressaare v\u00e4ntar ett bes\u00f6k p\u00e5 <strong data-start=\"549\" data-end=\"575\">Kuressaare slott<\/strong>, en av Baltikums b\u00e4st bevarade medeltida f\u00e4stningar. Den imponerande borgen har bevarat sin stenarkitektur i stort sett intakt och \u00e4r en av Saaremaas verkliga sev\u00e4rdheter.<\/p><p data-start=\"749\" data-end=\"868\">En h\u00e4rlig dag d\u00e4r <strong data-start=\"767\" data-end=\"798\">natur, historia och cykling<\/strong> g\u00e5r hand i hand \u2013 och d\u00e4r Saaremaas stillsamma landskap f\u00e5r ta plats.<\/p><p data-start=\"870\" data-end=\"970\" data-is-last-node=\"\" data-is-only-node=\"\"><span style=\"letter-spacing: 0px; word-spacing: 0em;\">Cykling: cirka 50 km<br \/><\/span><span style=\"letter-spacing: 0px; word-spacing: 0em;\">\u00d6vernattning i Kuressaare\u00a0<\/span><span style=\"letter-spacing: 0px; word-spacing: 0em;\">med middag och frukost.\u00a0<\/span><\/p>\t\t\t\t\t\t\t\t<\/div>\n\t\t\t\t<\/div>\n\t\t<div class=\"elementor-element elementor-element-460b9d8 e-con-full e-flex e-con e-child\" data-id=\"460b9d8\" data-element_type=\"container\" data-e-type=\"container\">\n\t\t\t\t<div class=\"elementor-element elementor-element-ffc4b01 elementor-widget elementor-widget-image\" data-id=\"ffc4b01\" data-element_type=\"widget\" data-e-type=\"widget\" data-widget_type=\"image.default\">\n\t\t\t\t\t\t\t\t\t\t\t\t\t\t\t<img loading=\"lazy\" decoding=\"async\" width=\"1024\" height=\"683\" src=\"https:\/\/europeantours.se\/wp-content\/uploads\/2026\/08\/pexels-margo-evardson-2158292018-37378496-Parnu-Estland-1024x683.jpg\" class=\"attachment-large size-large wp-image-7776\" alt=\"\" srcset=\"https:\/\/europeantours.se\/wp-content\/uploads\/2026\/08\/pexels-margo-evardson-2158292018-37378496-Parnu-Estland-1024x683.jpg 1024w, https:\/\/europeantours.se\/wp-content\/uploads\/2026\/08\/pexels-margo-evardson-2158292018-37378496-Parnu-Estland-300x200.jpg 300w, https:\/\/europeantours.se\/wp-content\/uploads\/2026\/08\/pexels-margo-evardson-2158292018-37378496-Parnu-Estland-768x512.jpg 768w, https:\/\/europeantours.se\/wp-content\/uploads\/2026\/08\/pexels-margo-evardson-2158292018-37378496-Parnu-Estland-1536x1024.jpg 1536w, https:\/\/europeantours.se\/wp-content\/uploads\/2026\/08\/pexels-margo-evardson-2158292018-37378496-Parnu-Estland-2048x1365.jpg 2048w, https:\/\/europeantours.se\/wp-content\/uploads\/2026\/08\/pexels-margo-evardson-2158292018-37378496-Parnu-Estland-18x12.jpg 18w\" sizes=\"(max-width: 1024px) 100vw, 1024px\" \/>\t\t\t\t\t\t\t\t\t\t\t\t\t\t\t<\/div>\n\t\t\t\t<div class=\"elementor-element elementor-element-cc36a5a elementor-widget elementor-widget-image\" data-id=\"cc36a5a\" data-element_type=\"widget\" data-e-type=\"widget\" data-widget_type=\"image.default\">\n\t\t\t\t\t\t\t\t\t\t\t\t\t\t\t<img loading=\"lazy\" decoding=\"async\" width=\"683\" height=\"1024\" src=\"https:\/\/europeantours.se\/wp-content\/uploads\/2026\/08\/pexels-tomi-kemppainen-675003106-17843622-Saaremaa-Estland-683x1024.jpg\" class=\"attachment-large size-large wp-image-7774\" alt=\"\" srcset=\"https:\/\/europeantours.se\/wp-content\/uploads\/2026\/08\/pexels-tomi-kemppainen-675003106-17843622-Saaremaa-Estland-683x1024.jpg 683w, https:\/\/europeantours.se\/wp-content\/uploads\/2026\/08\/pexels-tomi-kemppainen-675003106-17843622-Saaremaa-Estland-200x300.jpg 200w, https:\/\/europeantours.se\/wp-content\/uploads\/2026\/08\/pexels-tomi-kemppainen-675003106-17843622-Saaremaa-Estland-768x1152.jpg 768w, https:\/\/europeantours.se\/wp-content\/uploads\/2026\/08\/pexels-tomi-kemppainen-675003106-17843622-Saaremaa-Estland-1024x1536.jpg 1024w, https:\/\/europeantours.se\/wp-content\/uploads\/2026\/08\/pexels-tomi-kemppainen-675003106-17843622-Saaremaa-Estland-1365x2048.jpg 1365w, https:\/\/europeantours.se\/wp-content\/uploads\/2026\/08\/pexels-tomi-kemppainen-675003106-17843622-Saaremaa-Estland-8x12.jpg 8w, https:\/\/europeantours.se\/wp-content\/uploads\/2026\/08\/pexels-tomi-kemppainen-675003106-17843622-Saaremaa-Estland-scaled.jpg 1707w\" sizes=\"(max-width: 683px) 100vw, 683px\" \/>\t\t\t\t\t\t\t\t\t\t\t\t\t\t\t<\/div>\n\t\t\t\t<\/div>\n\t\t\t\t<\/div>\n\t\t\t\t\t<\/div>\n\t\t\t\t<\/div>\n\t\t<div class=\"elementor-element elementor-element-6cf05e8 e-flex e-con-boxed e-con e-parent\" data-id=\"6cf05e8\" data-element_type=\"container\" data-e-type=\"container\">\n\t\t\t\t\t<div class=\"e-con-inner\">\n\t\t<div class=\"elementor-element elementor-element-dab7eea e-con-full e-flex e-con e-child\" data-id=\"dab7eea\" data-element_type=\"container\" data-e-type=\"container\">\n\t\t<div class=\"elementor-element elementor-element-febad8b e-con-full e-flex e-con e-child\" data-id=\"febad8b\" data-element_type=\"container\" data-e-type=\"container\">\n\t\t<div class=\"elementor-element elementor-element-ccc2d61 e-con-full e-flex e-con e-child\" data-id=\"ccc2d61\" data-element_type=\"container\" data-e-type=\"container\">\n\t\t\t\t<div class=\"elementor-element elementor-element-50ff026 elementor-widget elementor-widget-text-editor\" data-id=\"50ff026\" data-element_type=\"widget\" data-e-type=\"widget\" data-widget_type=\"text-editor.default\">\n\t\t\t\t\t\t\t\t\t<p><strong><b>Dag 9\u00a0 Saaremaa &#8211; Tallinn<\/b><\/strong><\/p>\t\t\t\t\t\t\t\t<\/div>\n\t\t\t\t<div class=\"elementor-element elementor-element-b2b76ef elementor-widget elementor-widget-text-editor\" data-id=\"b2b76ef\" data-element_type=\"widget\" data-e-type=\"widget\" data-widget_type=\"text-editor.default\">\n\t\t\t\t\t\t\t\t\t<p>Efter frukost \u00e4r det dags att l\u00e4mna den vackra \u00f6n Saaremaa och resa vidare mot Estlands huvudstad Tallinn. Bussresan tar oss cirka 220 km genom det estniska landskapet.<\/p><p>P\u00e5 eftermiddagen v\u00e4ntar en stadsrundtur i Tallinn, en av Baltikums mest fascinerande huvudst\u00e4der. H\u00e4r m\u00f6ter medeltiden det moderna Estland, och den v\u00e4lbevarade gamla staden bjuder p\u00e5 kullerstensgr\u00e4nder, stadsmurar, torn och historiska byggnader.<\/p><p>Vi uppt\u00e4cker stadens atmosf\u00e4r och f\u00e5r en fin introduktion till Tallinn innan resan avslutas med en gemensam middag klockan 20.00 p\u00e5 en restaurang i Tallinns gamla stad.<\/p><p>Det blir en st\u00e4mningsfull avslutningskv\u00e4ll d\u00e4r vi kan blicka tillbaka p\u00e5 resans m\u00e5nga upplevelser \u2013 fr\u00e5n Vilnius och Trakai till Kuriska n\u00e4set, Riga, J\u016brmala och Saaremaas stillsamma landskap.<\/p><p>\u00d6vernattning i Tallinn med middag och frukost.<\/p>\t\t\t\t\t\t\t\t<\/div>\n\t\t<div class=\"elementor-element elementor-element-93df7f7 e-grid e-con-full e-con e-child\" data-id=\"93df7f7\" data-element_type=\"container\" data-e-type=\"container\">\n\t\t\t\t<div class=\"elementor-element elementor-element-5712cf3 elementor-widget elementor-widget-image\" data-id=\"5712cf3\" data-element_type=\"widget\" data-e-type=\"widget\" data-widget_type=\"image.default\">\n\t\t\t\t\t\t\t\t\t\t\t\t\t\t\t<img loading=\"lazy\" decoding=\"async\" width=\"1024\" height=\"576\" src=\"https:\/\/europeantours.se\/wp-content\/uploads\/2026\/08\/Tallinn-Old-Town-Esonia-1024x576.jpg\" class=\"attachment-large size-large wp-image-7438\" alt=\"Estland BTG\" srcset=\"https:\/\/europeantours.se\/wp-content\/uploads\/2026\/08\/Tallinn-Old-Town-Esonia-1024x576.jpg 1024w, https:\/\/europeantours.se\/wp-content\/uploads\/2026\/08\/Tallinn-Old-Town-Esonia-300x169.jpg 300w, https:\/\/europeantours.se\/wp-content\/uploads\/2026\/08\/Tallinn-Old-Town-Esonia-768x432.jpg 768w, https:\/\/europeantours.se\/wp-content\/uploads\/2026\/08\/Tallinn-Old-Town-Esonia-1536x864.jpg 1536w, https:\/\/europeantours.se\/wp-content\/uploads\/2026\/08\/Tallinn-Old-Town-Esonia-2048x1152.jpg 2048w, https:\/\/europeantours.se\/wp-content\/uploads\/2026\/08\/Tallinn-Old-Town-Esonia-18x10.jpg 18w\" sizes=\"(max-width: 1024px) 100vw, 1024px\" \/>\t\t\t\t\t\t\t\t\t\t\t\t\t\t\t<\/div>\n\t\t\t\t<div class=\"elementor-element elementor-element-fbddba2 elementor-widget elementor-widget-image\" data-id=\"fbddba2\" data-element_type=\"widget\" data-e-type=\"widget\" data-widget_type=\"image.default\">\n\t\t\t\t\t\t\t\t\t\t\t\t\t\t\t<img decoding=\"async\" src=\"https:\/\/europeantours.se\/wp-content\/uploads\/2026\/08\/Cycling_Tallinn.jpg\" title=\"Cycling_Tallinn\" alt=\"Cycling_Tallinn\" loading=\"lazy\" \/>\t\t\t\t\t\t\t\t\t\t\t\t\t\t\t<\/div>\n\t\t\t\t<\/div>\n\t\t\t\t<\/div>\n\t\t\t\t<\/div>\n\t\t\t\t<\/div>\n\t\t\t\t\t<\/div>\n\t\t\t\t<\/div>\n\t\t<div class=\"elementor-element elementor-element-5c67acd e-flex e-con-boxed e-con e-parent\" data-id=\"5c67acd\" data-element_type=\"container\" data-e-type=\"container\">\n\t\t\t\t\t<div class=\"e-con-inner\">\n\t\t<div class=\"elementor-element elementor-element-d5f2200 e-con-full e-flex e-con e-child\" data-id=\"d5f2200\" data-element_type=\"container\" data-e-type=\"container\">\n\t\t<div class=\"elementor-element elementor-element-3cf9575 e-con-full e-flex e-con e-child\" data-id=\"3cf9575\" data-element_type=\"container\" data-e-type=\"container\">\n\t\t<div class=\"elementor-element elementor-element-632cda4 e-con-full e-flex e-con e-child\" data-id=\"632cda4\" data-element_type=\"container\" data-e-type=\"container\">\n\t\t\t\t<div class=\"elementor-element elementor-element-756fbe6 elementor-widget elementor-widget-text-editor\" data-id=\"756fbe6\" data-element_type=\"widget\" data-e-type=\"widget\" data-widget_type=\"text-editor.default\">\n\t\t\t\t\t\t\t\t\t<p><strong><b>Dag 10\u00a0 \u00a0 Tallinn, avresa\u00a0<\/b><\/strong><\/p>\t\t\t\t\t\t\t\t<\/div>\n\t\t\t\t<div class=\"elementor-element elementor-element-a94f7fd elementor-widget elementor-widget-text-editor\" data-id=\"a94f7fd\" data-element_type=\"widget\" data-e-type=\"widget\" data-widget_type=\"text-editor.default\">\n\t\t\t\t\t\t\t\t\t<p>Efter frukost \u00e4r det dags att s\u00e4ga farv\u00e4l till Baltikum. Kanske lockar en sista promenad genom den historiska gamla staden, en kopp kaffe p\u00e5 ett mysigt caf\u00e9 eller lite egen tid f\u00f6r shopping och egna uppt\u00e4ckter innan det \u00e4r dags att s\u00e4ga hejd\u00e5 till Baltikum.\u00a0<\/p><p>Vid l\u00e4mplig tid sker transfer till flygplatsen f\u00f6r hemresa.<\/p><p>Efter tio inneh\u00e5llsrika dagar tar vi med oss minnen fr\u00e5n tre l\u00e4nder, historiska huvudst\u00e4der, \u00d6stersj\u00f6kust, sanddyner, nationalparker och estniska \u00f6ar &#8211; och framf\u00f6r allt alla de upplevelser som blivit \u00e4nnu starkare fr\u00e5n cykelsadeln.<\/p>\t\t\t\t\t\t\t\t<\/div>\n\t\t\t\t<\/div>\n\t\t<div class=\"elementor-element elementor-element-7110be1 e-con-full e-flex e-con e-child\" data-id=\"7110be1\" data-element_type=\"container\" data-e-type=\"container\">\n\t\t\t\t<div class=\"elementor-element elementor-element-bdbc11c elementor-widget-divider--view-line elementor-widget elementor-widget-divider\" data-id=\"bdbc11c\" data-element_type=\"widget\" data-e-type=\"widget\" data-widget_type=\"divider.default\">\n\t\t\t\t\t\t\t<div class=\"elementor-divider\">\n\t\t\t<span class=\"elementor-divider-separator\">\n\t\t\t\t\t\t<\/span>\n\t\t<\/div>\n\t\t\t\t\t\t<\/div>\n\t\t\t\t<\/div>\n\t\t\t\t<\/div>\n\t\t\t\t<\/div>\n\t\t\t\t\t<\/div>\n\t\t\t\t<\/div>\n\t\t<div class=\"elementor-element elementor-element-8d21dd5 e-flex e-con-boxed e-con e-parent\" data-id=\"8d21dd5\" data-element_type=\"container\" data-e-type=\"container\">\n\t\t\t\t\t<div class=\"e-con-inner\">\n\t\t<div class=\"elementor-element elementor-element-eb846f5 e-con-full e-flex e-con e-child\" data-id=\"eb846f5\" data-element_type=\"container\" data-e-type=\"container\">\n\t\t<div class=\"elementor-element elementor-element-df9e21b e-con-full e-flex e-con e-child\" data-id=\"df9e21b\" data-element_type=\"container\" data-e-type=\"container\">\n\t\t<div class=\"elementor-element elementor-element-4359a3e e-con-full e-flex e-con e-child\" data-id=\"4359a3e\" data-element_type=\"container\" data-e-type=\"container\">\n\t\t\t\t<div class=\"elementor-element elementor-element-01f6fe7 e-n-tabs-mobile elementor-widget elementor-widget-n-tabs\" data-id=\"01f6fe7\" data-element_type=\"widget\" data-e-type=\"widget\" data-settings=\"{&quot;horizontal_scroll&quot;:&quot;disable&quot;}\" data-widget_type=\"nested-tabs.default\">\n\t\t\t\t\t\t\t<div class=\"e-n-tabs\" data-widget-number=\"2060263\" aria-label=\"Flikar. \u00d6ppna objekt med enter eller mellanslag, st\u00e4ng med escape och navigera med piltangenterna.\">\n\t\t\t<div class=\"e-n-tabs-heading\" role=\"tablist\">\n\t\t\t\t\t<button id=\"e-n-tab-title-20602631\" data-tab-title-id=\"e-n-tab-title-20602631\" class=\"e-n-tab-title\" aria-selected=\"true\" data-tab-index=\"1\" role=\"tab\" tabindex=\"0\" aria-controls=\"e-n-tab-content-20602631\" style=\"--n-tabs-title-order: 1;\">\n\t\t\t\t\t\t<span class=\"e-n-tab-title-text\">\n\t\t\t\tPris &amp; Avg\u00e5ngar\t\t\t<\/span>\n\t\t<\/button>\n\t\t\t\t<button id=\"e-n-tab-title-20602632\" data-tab-title-id=\"e-n-tab-title-20602632\" class=\"e-n-tab-title\" aria-selected=\"false\" data-tab-index=\"2\" role=\"tab\" tabindex=\"-1\" aria-controls=\"e-n-tab-content-20602632\" style=\"--n-tabs-title-order: 2;\">\n\t\t\t\t\t\t<span class=\"e-n-tab-title-text\">\n\t\t\t\tLogi\t\t\t<\/span>\n\t\t<\/button>\n\t\t\t\t<button id=\"e-n-tab-title-20602633\" data-tab-title-id=\"e-n-tab-title-20602633\" class=\"e-n-tab-title\" aria-selected=\"false\" data-tab-index=\"3\" role=\"tab\" tabindex=\"-1\" aria-controls=\"e-n-tab-content-20602633\" style=\"--n-tabs-title-order: 3;\">\n\t\t\t\t\t\t<span class=\"e-n-tab-title-text\">\n\t\t\t\tInklusive\t\t\t<\/span>\n\t\t<\/button>\n\t\t\t\t<button id=\"e-n-tab-title-20602634\" data-tab-title-id=\"e-n-tab-title-20602634\" class=\"e-n-tab-title\" aria-selected=\"false\" data-tab-index=\"4\" role=\"tab\" tabindex=\"-1\" aria-controls=\"e-n-tab-content-20602634\" style=\"--n-tabs-title-order: 4;\">\n\t\t\t\t\t\t<span class=\"e-n-tab-title-text\">\n\t\t\t\tExklusive\t\t\t<\/span>\n\t\t<\/button>\n\t\t\t\t\t<\/div>\n\t\t\t<div class=\"e-n-tabs-content\">\n\t\t\t\t<div id=\"e-n-tab-content-20602631\" role=\"tabpanel\" aria-labelledby=\"e-n-tab-title-20602631\" data-tab-index=\"1\" style=\"--n-tabs-title-order: 1;\" class=\"e-active elementor-element elementor-element-c45105a e-con-full e-flex e-con e-child\" data-id=\"c45105a\" data-element_type=\"container\" data-e-type=\"container\">\n\t\t<div class=\"elementor-element elementor-element-f913707 e-grid e-con-boxed e-con e-child\" data-id=\"f913707\" data-element_type=\"container\" data-e-type=\"container\">\n\t\t\t\t\t<div class=\"e-con-inner\">\n\t\t\t\t<div class=\"elementor-element elementor-element-5ad68f2 elementor-widget elementor-widget-text-editor\" data-id=\"5ad68f2\" data-element_type=\"widget\" data-e-type=\"widget\" data-widget_type=\"text-editor.default\">\n\t\t\t\t\t\t\t\t\t<p style=\"text-align: center;\"><strong>Datum<\/strong><\/p>\t\t\t\t\t\t\t\t<\/div>\n\t\t\t\t<div class=\"elementor-element elementor-element-67826ef elementor-widget elementor-widget-text-editor\" data-id=\"67826ef\" data-element_type=\"widget\" data-e-type=\"widget\" data-widget_type=\"text-editor.default\">\n\t\t\t\t\t\t\t\t\t<p><strong>Dubbelrum pp<\/strong><\/p>\t\t\t\t\t\t\t\t<\/div>\n\t\t\t\t<div class=\"elementor-element elementor-element-97e0627 elementor-widget elementor-widget-text-editor\" data-id=\"97e0627\" data-element_type=\"widget\" data-e-type=\"widget\" data-widget_type=\"text-editor.default\">\n\t\t\t\t\t\t\t\t\t<p><strong>Hotell klass<\/strong><\/p>\t\t\t\t\t\t\t\t<\/div>\n\t\t\t\t<div class=\"elementor-element elementor-element-a58a8ba elementor-widget elementor-widget-text-editor\" data-id=\"a58a8ba\" data-element_type=\"widget\" data-e-type=\"widget\" data-widget_type=\"text-editor.default\">\n\t\t\t\t\t\t\t\t\t<p><strong>Boknings status<\/strong><\/p>\t\t\t\t\t\t\t\t<\/div>\n\t\t\t\t<div class=\"elementor-element elementor-element-4bf94f6 elementor-widget elementor-widget-text-editor\" data-id=\"4bf94f6\" data-element_type=\"widget\" data-e-type=\"widget\" data-widget_type=\"text-editor.default\">\n\t\t\t\t\t\t\t\t\t<p>Augusti &#8211; december, 2026<\/p>\t\t\t\t\t\t\t\t<\/div>\n\t\t\t\t<div class=\"elementor-element elementor-element-6c1aa36 elementor-widget elementor-widget-text-editor\" data-id=\"6c1aa36\" data-element_type=\"widget\" data-e-type=\"widget\" data-widget_type=\"text-editor.default\">\n\t\t\t\t\t\t\t\t\t<p>Fr.\u00a0 39 120 SEK<\/p>\t\t\t\t\t\t\t\t<\/div>\n\t\t\t\t<div class=\"elementor-element elementor-element-c866990 elementor-widget elementor-widget-text-editor\" data-id=\"c866990\" data-element_type=\"widget\" data-e-type=\"widget\" data-widget_type=\"text-editor.default\">\n\t\t\t\t\t\t\t\t\t<p style=\"text-align: center;\">3\u2605 eller liknande<\/p>\t\t\t\t\t\t\t\t<\/div>\n\t\t\t\t<div class=\"elementor-element elementor-element-4a8cab7 elementor-widget elementor-widget-text-editor\" data-id=\"4a8cab7\" data-element_type=\"widget\" data-e-type=\"widget\" data-widget_type=\"text-editor.default\">\n\t\t\t\t\t\t\t\t\t<p style=\"text-align: center;\">Finns platser<\/p>\t\t\t\t\t\t\t\t<\/div>\n\t\t\t\t<div class=\"elementor-element elementor-element-a33fb33 elementor-widget elementor-widget-text-editor\" data-id=\"a33fb33\" data-element_type=\"widget\" data-e-type=\"widget\" data-widget_type=\"text-editor.default\">\n\t\t\t\t\t\t\t\t\t<p style=\"text-align: center;\">.<\/p>\t\t\t\t\t\t\t\t<\/div>\n\t\t\t\t<div class=\"elementor-element elementor-element-8395426 elementor-widget elementor-widget-text-editor\" data-id=\"8395426\" data-element_type=\"widget\" data-e-type=\"widget\" data-widget_type=\"text-editor.default\">\n\t\t\t\t\t\t\t\t\t<p style=\"text-align: center;\">Fr. 41 095 SEK<\/p>\t\t\t\t\t\t\t\t<\/div>\n\t\t\t\t<div class=\"elementor-element elementor-element-60f99e0 elementor-widget elementor-widget-text-editor\" data-id=\"60f99e0\" data-element_type=\"widget\" data-e-type=\"widget\" data-widget_type=\"text-editor.default\">\n\t\t\t\t\t\t\t\t\t<p style=\"text-align: center;\">4\u2605 eller liknande<\/p>\t\t\t\t\t\t\t\t<\/div>\n\t\t\t\t<div class=\"elementor-element elementor-element-f6d7bcb elementor-widget elementor-widget-text-editor\" data-id=\"f6d7bcb\" data-element_type=\"widget\" data-e-type=\"widget\" data-widget_type=\"text-editor.default\">\n\t\t\t\t\t\t\t\t\t<p style=\"text-align: center;\">Finns platser<\/p>\t\t\t\t\t\t\t\t<\/div>\n\t\t\t\t\t<\/div>\n\t\t\t\t<\/div>\n\t\t\t\t<\/div>\n\t\t<div id=\"e-n-tab-content-20602632\" role=\"tabpanel\" aria-labelledby=\"e-n-tab-title-20602632\" data-tab-index=\"2\" style=\"--n-tabs-title-order: 2;\" class=\" elementor-element elementor-element-081176b e-con-full e-grid e-con e-child\" data-id=\"081176b\" data-element_type=\"container\" data-e-type=\"container\">\n\t\t\t\t<div class=\"elementor-element elementor-element-fd5f7d2 elementor-widget elementor-widget-text-editor\" data-id=\"fd5f7d2\" data-element_type=\"widget\" data-e-type=\"widget\" data-widget_type=\"text-editor.default\">\n\t\t\t\t\t\t\t\t\t<p style=\"text-align: center;\"><span style=\"text-decoration: underline;\"><strong>Antal n\u00e4tter<\/strong><\/span><\/p>\t\t\t\t\t\t\t\t<\/div>\n\t\t\t\t<div class=\"elementor-element elementor-element-9392f1a elementor-widget elementor-widget-text-editor\" data-id=\"9392f1a\" data-element_type=\"widget\" data-e-type=\"widget\" data-widget_type=\"text-editor.default\">\n\t\t\t\t\t\t\t\t\t<p style=\"text-align: center;\"><span style=\"text-decoration: underline;\"><strong>Destination<\/strong><\/span><\/p>\t\t\t\t\t\t\t\t<\/div>\n\t\t\t\t<div class=\"elementor-element elementor-element-267b6cd elementor-widget elementor-widget-text-editor\" data-id=\"267b6cd\" data-element_type=\"widget\" data-e-type=\"widget\" data-widget_type=\"text-editor.default\">\n\t\t\t\t\t\t\t\t\t<p style=\"text-align: center;\"><span style=\"text-decoration: underline;\"><strong>Hotell kategori<\/strong><\/span><\/p>\t\t\t\t\t\t\t\t<\/div>\n\t\t\t\t<div class=\"elementor-element elementor-element-be88eca elementor-widget elementor-widget-text-editor\" data-id=\"be88eca\" data-element_type=\"widget\" data-e-type=\"widget\" data-widget_type=\"text-editor.default\">\n\t\t\t\t\t\t\t\t\t<p style=\"text-align: center;\">1-2:a natten<\/p>\t\t\t\t\t\t\t\t<\/div>\n\t\t\t\t<div class=\"elementor-element elementor-element-270c9f0 elementor-widget elementor-widget-text-editor\" data-id=\"270c9f0\" data-element_type=\"widget\" data-e-type=\"widget\" data-widget_type=\"text-editor.default\">\n\t\t\t\t\t\t\t\t\t<p style=\"text-align: center;\">Vilnius<\/p>\t\t\t\t\t\t\t\t<\/div>\n\t\t\t\t<div class=\"elementor-element elementor-element-c1e56d1 elementor-widget elementor-widget-text-editor\" data-id=\"c1e56d1\" data-element_type=\"widget\" data-e-type=\"widget\" data-widget_type=\"text-editor.default\">\n\t\t\t\t\t\t\t\t\t<p style=\"text-align: center;\">Old Town Trio 3\u2605\u00a0<br \/>Artis Centrum Hotels 4\u2605<\/p>\t\t\t\t\t\t\t\t<\/div>\n\t\t\t\t<div class=\"elementor-element elementor-element-0f3bda7 elementor-widget elementor-widget-text-editor\" data-id=\"0f3bda7\" data-element_type=\"widget\" data-e-type=\"widget\" data-widget_type=\"text-editor.default\">\n\t\t\t\t\t\t\t\t\t<p style=\"text-align: center;\">3-4:e natten<\/p>\t\t\t\t\t\t\t\t<\/div>\n\t\t\t\t<div class=\"elementor-element elementor-element-9d8a64f elementor-widget elementor-widget-text-editor\" data-id=\"9d8a64f\" data-element_type=\"widget\" data-e-type=\"widget\" data-widget_type=\"text-editor.default\">\n\t\t\t\t\t\t\t\t\t<p style=\"text-align: center;\">Klaip\u0117da\u00a0<\/p>\t\t\t\t\t\t\t\t<\/div>\n\t\t\t\t<div class=\"elementor-element elementor-element-4e792dd elementor-widget elementor-widget-text-editor\" data-id=\"4e792dd\" data-element_type=\"widget\" data-e-type=\"widget\" data-widget_type=\"text-editor.default\">\n\t\t\t\t\t\t\t\t\t<p style=\"text-align: center;\">Aurora 3\u2605<br \/>Amberton Klaip\u0117da 4\u2605<\/p>\t\t\t\t\t\t\t\t<\/div>\n\t\t\t\t<div class=\"elementor-element elementor-element-2efec3a elementor-widget elementor-widget-text-editor\" data-id=\"2efec3a\" data-element_type=\"widget\" data-e-type=\"widget\" data-widget_type=\"text-editor.default\">\n\t\t\t\t\t\t\t\t\t<p style=\"text-align: center;\">5-6:e natten<\/p>\t\t\t\t\t\t\t\t<\/div>\n\t\t\t\t<div class=\"elementor-element elementor-element-ccc7ef9 elementor-widget elementor-widget-text-editor\" data-id=\"ccc7ef9\" data-element_type=\"widget\" data-e-type=\"widget\" data-widget_type=\"text-editor.default\">\n\t\t\t\t\t\t\t\t\t<p style=\"text-align: center;\">Riga<\/p>\t\t\t\t\t\t\t\t<\/div>\n\t\t\t\t<div class=\"elementor-element elementor-element-eec31e2 elementor-widget elementor-widget-text-editor\" data-id=\"eec31e2\" data-element_type=\"widget\" data-e-type=\"widget\" data-widget_type=\"text-editor.default\">\n\t\t\t\t\t\t\t\t\t<p style=\"text-align: center;\">Rija Riga City Center 3\u2605<br \/>Tallink Hotel Riga 4\u2605<\/p>\t\t\t\t\t\t\t\t<\/div>\n\t\t\t\t<div class=\"elementor-element elementor-element-3c280bc elementor-widget elementor-widget-text-editor\" data-id=\"3c280bc\" data-element_type=\"widget\" data-e-type=\"widget\" data-widget_type=\"text-editor.default\">\n\t\t\t\t\t\t\t\t\t<p style=\"text-align: center;\">7-8:e natten<\/p>\t\t\t\t\t\t\t\t<\/div>\n\t\t\t\t<div class=\"elementor-element elementor-element-25e860c elementor-widget elementor-widget-text-editor\" data-id=\"25e860c\" data-element_type=\"widget\" data-e-type=\"widget\" data-widget_type=\"text-editor.default\">\n\t\t\t\t\t\t\t\t\t<p style=\"text-align: center;\">Saaremaa<\/p>\t\t\t\t\t\t\t\t<\/div>\n\t\t\t\t<div class=\"elementor-element elementor-element-cb6a43e elementor-widget elementor-widget-text-editor\" data-id=\"cb6a43e\" data-element_type=\"widget\" data-e-type=\"widget\" data-widget_type=\"text-editor.default\">\n\t\t\t\t\t\t\t\t\t<p style=\"text-align: center;\">Saaremaa Rannahotell 3\u2605<br \/>Arensburg 4\u2605<\/p>\t\t\t\t\t\t\t\t<\/div>\n\t\t\t\t<div class=\"elementor-element elementor-element-caf7120 elementor-widget elementor-widget-text-editor\" data-id=\"caf7120\" data-element_type=\"widget\" data-e-type=\"widget\" data-widget_type=\"text-editor.default\">\n\t\t\t\t\t\t\t\t\t<p style=\"text-align: center;\">9:e natten<\/p>\t\t\t\t\t\t\t\t<\/div>\n\t\t\t\t<div class=\"elementor-element elementor-element-b3354fb elementor-widget elementor-widget-text-editor\" data-id=\"b3354fb\" data-element_type=\"widget\" data-e-type=\"widget\" data-widget_type=\"text-editor.default\">\n\t\t\t\t\t\t\t\t\t<p style=\"text-align: center;\">Tallinn<\/p>\t\t\t\t\t\t\t\t<\/div>\n\t\t\t\t<div class=\"elementor-element elementor-element-e60c3ad elementor-widget elementor-widget-text-editor\" data-id=\"e60c3ad\" data-element_type=\"widget\" data-e-type=\"widget\" data-widget_type=\"text-editor.default\">\n\t\t\t\t\t\t\t\t\t<p style=\"text-align: center;\">Ibis Tallinn Center 3\u2605<br \/>Metropol Spa Hotel 4\u2605<\/p>\t\t\t\t\t\t\t\t<\/div>\n\t\t\t\t<div class=\"elementor-element elementor-element-0c30cc1 elementor-widget elementor-widget-text-editor\" data-id=\"0c30cc1\" data-element_type=\"widget\" data-e-type=\"widget\" data-widget_type=\"text-editor.default\">\n\t\t\t\t\t\t\t\t\t<p style=\"text-align: center;\">Eller motsvarande hotell.<\/p>\t\t\t\t\t\t\t\t<\/div>\n\t\t\t\t<\/div>\n\t\t<div id=\"e-n-tab-content-20602633\" role=\"tabpanel\" aria-labelledby=\"e-n-tab-title-20602633\" data-tab-index=\"3\" style=\"--n-tabs-title-order: 3;\" class=\" elementor-element elementor-element-a192b88 e-con-full e-flex e-con e-child\" data-id=\"a192b88\" data-element_type=\"container\" data-e-type=\"container\">\n\t\t\t\t<div class=\"elementor-element elementor-element-844929a elementor-widget elementor-widget-text-editor\" data-id=\"844929a\" data-element_type=\"widget\" data-e-type=\"widget\" data-widget_type=\"text-editor.default\">\n\t\t\t\t\t\t\t\t\t<p><strong>Respaket:<\/strong><\/p><ul><li style=\"font-weight: 400;\" aria-level=\"1\"><span style=\"font-weight: 400;\">Boende 9 x n\u00e4tter p\u00e5 centralt bel\u00e4gna hotell, ni kan v\u00e4lja mellan 3\u2605 eller 4\u2605 enligt logi-listan eller motsvarande hotell.<\/span><\/li><li style=\"font-weight: 400;\" aria-level=\"1\"><span style=\"font-weight: 400;\">Halvpension: frukost p\u00e5 hotellet varje morgon och middag (3-r\u00e4tters med kaffe och vatten) varje kv\u00e4ll.<\/span><\/li><li style=\"font-weight: 400;\" aria-level=\"1\"><span style=\"font-weight: 400;\">Engelsk talande guide som cyklar med hela v\u00e4gen.<\/span><\/li><li style=\"font-weight: 400;\" aria-level=\"1\">Luftkonditionerad buss under hela resan.<\/li><li style=\"font-weight: 400;\" aria-level=\"1\">Alla transfers under resan, inklusive fr\u00e5n och till flygplatsen vid ankomst\/avresa.<\/li><li style=\"font-weight: 400;\" aria-level=\"1\">F\u00e4rjan till Kuriska n\u00e4set.<\/li><li style=\"font-weight: 400;\" aria-level=\"1\">F\u00e4rjan till Muhu och Saaremaa.<\/li><li style=\"font-weight: 400;\" aria-level=\"1\">Milj\u00f6skyddsavgift f\u00f6r att bevara Kuriska n\u00e4set.<\/li><li style=\"font-weight: 400;\" aria-level=\"1\">Cykelhyra f\u00f6r standard cykel (inklusive hj\u00e4lm, v\u00e4skor, reparationskitt).<\/li><li style=\"font-weight: 400;\" aria-level=\"1\">Guidad sightseeing i: Vilnius, Trakai, Kuriska n\u00e4set, Riga, Tallinn.<\/li><li style=\"font-weight: 400;\" aria-level=\"1\">Intr\u00e4desavgift till: Trakai slott, Thomas Mann museum p\u00e5 Nida, B\u00e4rnstensmuseum i Palanga, Angla v\u00e4derkvarnspark och Kuressare biskopsslott.<\/li><\/ul>\t\t\t\t\t\t\t\t<\/div>\n\t\t\t\t<\/div>\n\t\t<div id=\"e-n-tab-content-20602634\" role=\"tabpanel\" aria-labelledby=\"e-n-tab-title-20602634\" data-tab-index=\"4\" style=\"--n-tabs-title-order: 4;\" class=\" elementor-element elementor-element-9ac4565 e-flex e-con-boxed e-con e-child\" data-id=\"9ac4565\" data-element_type=\"container\" data-e-type=\"container\">\n\t\t\t\t\t<div class=\"e-con-inner\">\n\t\t\t\t<div class=\"elementor-element elementor-element-0bb79c9 elementor-widget__width-inherit elementor-widget elementor-widget-text-editor\" data-id=\"0bb79c9\" data-element_type=\"widget\" data-e-type=\"widget\" data-widget_type=\"text-editor.default\">\n\t\t\t\t\t\t\t\t\t<ul><li>Resan till och fr\u00e5n destinationen till Vilnius och fr\u00e5n Tallinn.<\/li><li><span style=\"letter-spacing: 0px; word-spacing: 0em;\"> Extra kostnader f\u00f6r tillval.\u00a0\u00a0<\/span><\/li><li>M\u00e5ltider (exempelvis luncher) och dryck som inte uttryckligen ing\u00e5r.\u00a0<\/li><li>Personliga utgifter ex intr\u00e4desavgifter till mus\u00e9er och kyrkor etc ut\u00f6ver specificerat.\u00a0<\/li><li>Avbest\u00e4llningsf\u00f6rs\u00e4kring<\/li><li>Resef\u00f6rs\u00e4kring<\/li><li>Dricks<\/li><li><span style=\"letter-spacing: 0px; word-spacing: 0em;\">Lokala turistskatter som betalas direkt p\u00e5 boendet.\u00a0<\/span><\/li><\/ul>\t\t\t\t\t\t\t\t<\/div>\n\t\t\t\t\t<\/div>\n\t\t\t\t<\/div>\n\t\t\t\t\t<\/div>\n\t\t<\/div>\n\t\t\t\t\t\t<\/div>\n\t\t\t\t<\/div>\n\t\t\t\t<\/div>\n\t\t\t\t<\/div>\n\t\t\t\t\t<\/div>\n\t\t\t\t<\/div>\n\t\t<div class=\"elementor-element elementor-element-a5ecf10 e-flex e-con-boxed e-con e-parent\" data-id=\"a5ecf10\" data-element_type=\"container\" data-e-type=\"container\">\n\t\t\t\t\t<div class=\"e-con-inner\">\n\t\t<div class=\"elementor-element elementor-element-b8b8182 e-con-full e-flex e-con e-child\" data-id=\"b8b8182\" data-element_type=\"container\" data-e-type=\"container\">\n\t\t<div class=\"elementor-element elementor-element-a882d29 e-con-full e-flex e-con e-child\" data-id=\"a882d29\" data-element_type=\"container\" data-e-type=\"container\">\n\t\t\t\t<div class=\"elementor-element elementor-element-1c7d97d elementor-widget__width-inherit elementor-widget elementor-widget-text-editor\" data-id=\"1c7d97d\" data-element_type=\"widget\" data-e-type=\"widget\" data-widget_type=\"text-editor.default\">\n\t\t\t\t\t\t\t\t\t<p>\u00a0<strong>OBS!<\/strong><\/p><div class=\"flex flex-col text-sm pb-25\"><article class=\"text-token-text-primary w-full focus:outline-none [--shadow-height:45px] has-data-writing-block:pointer-events-none has-data-writing-block:-mt-(--shadow-height) has-data-writing-block:pt-(--shadow-height) [&amp;:has([data-writing-block])&gt;*]:pointer-events-auto scroll-mt-[calc(var(--header-height)+min(200px,max(70px,20svh)))]\" dir=\"auto\" tabindex=\"-1\" data-turn-id=\"request-WEB:a4bdf765-b63e-49eb-9072-317baa6fa443-3\" data-testid=\"conversation-turn-6\" data-scroll-anchor=\"true\" data-turn=\"assistant\"><div class=\"text-base my-auto mx-auto pb-10 [--thread-content-margin:var(--thread-content-margin-xs,calc(var(--spacing)*4))] @w-sm\/main:[--thread-content-margin:var(--thread-content-margin-sm,calc(var(--spacing)*6))] @w-lg\/main:[--thread-content-margin:var(--thread-content-margin-lg,calc(var(--spacing)*16))] px-(--thread-content-margin)\"><div class=\"[--thread-content-max-width:40rem] @w-lg\/main:[--thread-content-max-width:48rem] mx-auto max-w-(--thread-content-max-width) flex-1 group\/turn-messages focus-visible:outline-hidden relative flex w-full min-w-0 flex-col agent-turn\" tabindex=\"-1\"><div class=\"flex max-w-full flex-col gap-4 grow\"><div class=\"min-h-8 text-message relative flex w-full flex-col items-end gap-2 text-start break-words whitespace-normal [.text-message+&amp;]:mt-1\" dir=\"auto\" data-message-author-role=\"assistant\" data-message-id=\"e44a791c-00f0-49f7-8c04-7ddff33a8839\" data-message-model-slug=\"gpt-5-3\"><div class=\"flex w-full flex-col gap-1 empty:hidden\"><div class=\"markdown prose dark:prose-invert w-full wrap-break-word light markdown-new-styling\"><p data-start=\"0\" data-end=\"174\" data-is-last-node=\"\" data-is-only-node=\"\">Detta \u00e4r en prisindikation f\u00f6r tv\u00e5 personer som delar dubbelrum eller tv\u00e5b\u00e4ddsrum och kan komma att justeras utifr\u00e5n era \u00f6nskem\u00e5l, aktuella datum och g\u00e4llande priser.<\/p><p data-start=\"0\" data-end=\"174\" data-is-last-node=\"\" data-is-only-node=\"\">Valfritt avresedatum under perioden augusti &#8211; december 2026.<\/p><\/div><\/div><\/div><\/div><div class=\"z-0 flex min-h-[46px] justify-start\"><strong data-start=\"0\" data-end=\"27\" data-is-only-node=\"\">Minsta antal deltagare:<\/strong> 4 personer. Resan kan inte bokas f\u00f6r ensamresen\u00e4r. Vid st\u00f6rre grupp har vi specialpris.<\/div><\/div><div><p class=\"PDq2pG_selectionAnchorContainer\" data-start=\"0\" data-end=\"259\"><strong>Niv\u00e5 och vem passar f\u00f6r den h\u00e4r resan:<\/strong><br \/>De dagliga cykeletapperna g\u00e5r huvudsakligen p\u00e5 <strong data-start=\"47\" data-end=\"82\">flacka och v\u00e4lunderh\u00e5llna v\u00e4gar<\/strong>, och f\u00f6ljebussen finns med under hela resan. F\u00f6r dig som n\u00e5gon dag \u00f6nskar en kortare cykeltur finns m\u00f6jlighet att n\u00e4r som helst under etappen hoppa p\u00e5 bussen och vila en stund.<\/p><p data-start=\"261\" data-end=\"463\"><strong>Cyklar:<\/strong><br \/>Cyklarna anpassas individuellt efter varje resen\u00e4r under resans f\u00f6rsta cykeldag. <strong data-start=\"342\" data-end=\"386\">Ange d\u00e4rf\u00f6r g\u00e4rna din l\u00e4ngd vid bokning.<\/strong> Elcyklar finns tillg\u00e4ngliga p\u00e5 f\u00f6rfr\u00e5gan mot det pristill\u00e4gg som anges ovan.<\/p><\/div><\/div><\/article><\/div>\t\t\t\t\t\t\t\t<\/div>\n\t\t\t\t<\/div>\n\t\t\t\t<\/div>\n\t\t\t\t\t<\/div>\n\t\t\t\t<\/div>\n\t\t<div class=\"elementor-element elementor-element-1d1954f e-flex e-con-boxed e-con e-parent\" data-id=\"1d1954f\" data-element_type=\"container\" data-e-type=\"container\">\n\t\t\t\t\t<div class=\"e-con-inner\">\n\t\t<div class=\"elementor-element elementor-element-2658e19 e-con-full e-flex e-con e-child\" data-id=\"2658e19\" data-element_type=\"container\" data-e-type=\"container\">\n\t\t<div class=\"elementor-element elementor-element-5f6f8e1 e-con-full e-flex e-con e-child\" data-id=\"5f6f8e1\" data-element_type=\"container\" data-e-type=\"container\">\n\t\t\t\t<div class=\"elementor-element elementor-element-6dcd118 elementor-widget__width-inherit elementor-widget elementor-widget-text-editor\" data-id=\"6dcd118\" data-element_type=\"widget\" data-e-type=\"widget\" data-widget_type=\"text-editor.default\">\n\t\t\t\t\t\t\t\t\t<p>Dag-f\u00f6r-dag-programmet beskriver den planerade resrutten och de tj\u00e4nster som ing\u00e5r. Tider, avst\u00e5nd, bes\u00f6k och aktiviteter \u00e4r ungef\u00e4rliga och kan komma att \u00e4ndras beroende p\u00e5 lokala f\u00f6rh\u00e5llanden. Exempel p\u00e5 detta \u00e4r v\u00e4der, trafik, \u00f6ppettider f\u00f6r aktiviteter eller andra omst\u00e4ndigheter utanf\u00f6r arrang\u00f6rens kontroll. S\u00e5dana \u00e4ndringar p\u00e5verkar dock inte resans \u00f6vergripande karakt\u00e4r i n\u00e5gon v\u00e4sentlig utstr\u00e4ckning.<\/p>\t\t\t\t\t\t\t\t<\/div>\n\t\t\t\t<\/div>\n\t\t\t\t<\/div>\n\t\t\t\t\t<\/div>\n\t\t\t\t<\/div>\n\t\t<div class=\"elementor-element elementor-element-c136bd4 e-flex e-con-boxed e-con e-parent\" data-id=\"c136bd4\" data-element_type=\"container\" data-e-type=\"container\">\n\t\t\t\t\t<div class=\"e-con-inner\">\n\t\t<div class=\"elementor-element elementor-element-f9ded2b e-con-full e-flex e-con e-child\" data-id=\"f9ded2b\" data-element_type=\"container\" data-e-type=\"container\">\n\t\t\t\t<div class=\"elementor-element elementor-element-da4a9c5 elementor-widget elementor-widget-text-editor\" data-id=\"da4a9c5\" data-element_type=\"widget\" data-e-type=\"widget\" data-widget_type=\"text-editor.default\">\n\t\t\t\t\t\t\t\t\t<p><strong>H\u00d6JDPUNKTER<\/strong><\/p>\t\t\t\t\t\t\t\t<\/div>\n\t\t\t\t<div class=\"elementor-element elementor-element-5f77938 elementor-widget elementor-widget-text-editor\" data-id=\"5f77938\" data-element_type=\"widget\" data-e-type=\"widget\" data-widget_type=\"text-editor.default\">\n\t\t\t\t\t\t\t\t\t<ul><li>Kuriska n\u00e4sets vackra sanddyner<\/li><li><span style=\"letter-spacing: 0px; word-spacing: 0em;\">3 UNESCO huvudst\u00e4der<\/span><\/li><li>Cykla med guide genom 3 baltiska l\u00e4nder<\/li><li>Str\u00e4nden och de vackra tr\u00e4husen i J\u016brmala<\/li><\/ul>\t\t\t\t\t\t\t\t<\/div>\n\t\t\t\t<div class=\"elementor-element elementor-element-bd34c7c elementor-widget elementor-widget-text-editor\" data-id=\"bd34c7c\" data-element_type=\"widget\" data-e-type=\"widget\" data-widget_type=\"text-editor.default\">\n\t\t\t\t\t\t\t\t\t<p><strong>M\u00d6JLIGA TILLVAL<\/strong><\/p>\t\t\t\t\t\t\t\t<\/div>\n\t\t\t\t<div class=\"elementor-element elementor-element-09410f9 elementor-widget elementor-widget-text-editor\" data-id=\"09410f9\" data-element_type=\"widget\" data-e-type=\"widget\" data-widget_type=\"text-editor.default\">\n\t\t\t\t\t\t\t\t\t<ul><li><span style=\"letter-spacing: 0px; word-spacing: 0em;\">Elcykel, 3 220 SEK per person.<\/span><\/li><\/ul>\t\t\t\t\t\t\t\t<\/div>\n\t\t\t\t<\/div>\n\t\t<div class=\"elementor-element elementor-element-613f052 e-con-full e-flex e-con e-child\" data-id=\"613f052\" data-element_type=\"container\" data-e-type=\"container\">\n\t\t\t\t<div class=\"elementor-element elementor-element-7918c40 elementor-widget elementor-widget-image\" data-id=\"7918c40\" data-element_type=\"widget\" data-e-type=\"widget\" data-widget_type=\"image.default\">\n\t\t\t\t\t\t\t\t\t\t\t\t<figure class=\"wp-caption\">\n\t\t\t\t\t\t\t\t\t\t<img loading=\"lazy\" decoding=\"async\" width=\"859\" height=\"1024\" src=\"https:\/\/europeantours.se\/wp-content\/uploads\/2026\/08\/Baltikum-Google-Earth-karta-10-dgr-Cykelresa-e1787214666820-859x1024.png\" class=\"attachment-large size-large wp-image-7780\" alt=\"\" srcset=\"https:\/\/europeantours.se\/wp-content\/uploads\/2026\/08\/Baltikum-Google-Earth-karta-10-dgr-Cykelresa-e1787214666820-859x1024.png 859w, https:\/\/europeantours.se\/wp-content\/uploads\/2026\/08\/Baltikum-Google-Earth-karta-10-dgr-Cykelresa-e1787214666820-252x300.png 252w, https:\/\/europeantours.se\/wp-content\/uploads\/2026\/08\/Baltikum-Google-Earth-karta-10-dgr-Cykelresa-e1787214666820-768x915.png 768w, https:\/\/europeantours.se\/wp-content\/uploads\/2026\/08\/Baltikum-Google-Earth-karta-10-dgr-Cykelresa-e1787214666820-10x12.png 10w, https:\/\/europeantours.se\/wp-content\/uploads\/2026\/08\/Baltikum-Google-Earth-karta-10-dgr-Cykelresa-e1787214666820.png 906w\" sizes=\"(max-width: 859px) 100vw, 859px\" \/>\t\t\t\t\t\t\t\t\t\t\t<figcaption class=\"widget-image-caption wp-caption-text\">Karta \u00f6ver de platser som bes\u00f6ks i Baltikum<\/figcaption>\n\t\t\t\t\t\t\t\t\t\t<\/figure>\n\t\t\t\t\t\t\t\t\t<\/div>\n\t\t\t\t<\/div>\n\t\t\t\t\t<\/div>\n\t\t\t\t<\/div>\n\t\t<div class=\"elementor-element elementor-element-34572de e-flex e-con-boxed e-con e-parent\" data-id=\"34572de\" data-element_type=\"container\" data-e-type=\"container\">\n\t\t\t\t\t<div class=\"e-con-inner\">\n\t\t\t\t<div class=\"elementor-element elementor-element-d82c40c elementor-widget-divider--view-line elementor-widget elementor-widget-divider\" data-id=\"d82c40c\" data-element_type=\"widget\" data-e-type=\"widget\" data-widget_type=\"divider.default\">\n\t\t\t\t\t\t\t<div class=\"elementor-divider\">\n\t\t\t<span class=\"elementor-divider-separator\">\n\t\t\t\t\t\t<\/span>\n\t\t<\/div>\n\t\t\t\t\t\t<\/div>\n\t\t\t\t\t<\/div>\n\t\t\t\t<\/div>\n\t\t<div class=\"elementor-element elementor-element-21b71a9 e-flex e-con-boxed e-con e-parent\" data-id=\"21b71a9\" data-element_type=\"container\" data-e-type=\"container\">\n\t\t\t\t\t<div class=\"e-con-inner\">\n\t\t<div class=\"elementor-element elementor-element-eaaeac8 e-con-full e-flex e-con e-child\" data-id=\"eaaeac8\" data-element_type=\"container\" data-e-type=\"container\">\n\t\t\t\t<div class=\"elementor-element elementor-element-28ab273 elementor-widget elementor-widget-text-editor\" data-id=\"28ab273\" data-element_type=\"widget\" data-e-type=\"widget\" data-widget_type=\"text-editor.default\">\n\t\t\t\t\t\t\t\t\t<p><span style=\"letter-spacing: 0px; word-spacing: 0em;\">Vill du l\u00e4ra mer om v\u00e5ra grannl\u00e4nder? <\/span><\/p><p><span style=\"letter-spacing: 0px; word-spacing: 0em;\">Du finner mer information i Reseguiderna.<\/span><\/p>\t\t\t\t\t\t\t\t<\/div>\n\t\t\t\t<\/div>\n\t\t<div class=\"elementor-element elementor-element-109125f e-con-full e-flex e-con e-child\" data-id=\"109125f\" data-element_type=\"container\" data-e-type=\"container\">\n\t\t<div class=\"elementor-element elementor-element-e4322d8 e-con-full e-flex e-con e-child\" data-id=\"e4322d8\" data-element_type=\"container\" data-e-type=\"container\">\n\t\t\t\t<div class=\"elementor-element elementor-element-c485bf8 elementor-widget elementor-widget-image\" data-id=\"c485bf8\" data-element_type=\"widget\" data-e-type=\"widget\" data-widget_type=\"image.default\">\n\t\t\t\t\t\t\t\t\t\t\t\t<figure class=\"wp-caption\">\n\t\t\t\t\t\t\t\t\t\t\t<a href=\"https:\/\/europeantours.se\/reseguide\/reseguide-lettland\/\">\n\t\t\t\t\t\t\t<img loading=\"lazy\" decoding=\"async\" width=\"150\" height=\"60\" src=\"https:\/\/europeantours.se\/wp-content\/uploads\/2026\/04\/lettland.png\" class=\"attachment-large size-large wp-image-7285\" alt=\"\" srcset=\"https:\/\/europeantours.se\/wp-content\/uploads\/2026\/04\/lettland.png 150w, https:\/\/europeantours.se\/wp-content\/uploads\/2026\/04\/lettland-18x7.png 18w\" sizes=\"(max-width: 150px) 100vw, 150px\" \/>\t\t\t\t\t\t\t\t<\/a>\n\t\t\t\t\t\t\t\t\t\t\t<figcaption class=\"widget-image-caption wp-caption-text\">Lettland<\/figcaption>\n\t\t\t\t\t\t\t\t\t\t<\/figure>\n\t\t\t\t\t\t\t\t\t<\/div>\n\t\t\t\t<div class=\"elementor-element elementor-element-cce8256 elementor-widget elementor-widget-image\" data-id=\"cce8256\" data-element_type=\"widget\" data-e-type=\"widget\" data-widget_type=\"image.default\">\n\t\t\t\t\t\t\t\t\t\t\t\t<figure class=\"wp-caption\">\n\t\t\t\t\t\t\t\t\t\t\t<a href=\"https:\/\/europeantours.se\/reseguide\/litauen\/\">\n\t\t\t\t\t\t\t<img loading=\"lazy\" decoding=\"async\" width=\"150\" height=\"60\" src=\"https:\/\/europeantours.se\/wp-content\/uploads\/2026\/04\/litauen.png\" class=\"attachment-large size-large wp-image-7278\" alt=\"\" srcset=\"https:\/\/europeantours.se\/wp-content\/uploads\/2026\/04\/litauen.png 150w, https:\/\/europeantours.se\/wp-content\/uploads\/2026\/04\/litauen-18x7.png 18w\" sizes=\"(max-width: 150px) 100vw, 150px\" \/>\t\t\t\t\t\t\t\t<\/a>\n\t\t\t\t\t\t\t\t\t\t\t<figcaption class=\"widget-image-caption wp-caption-text\">Litauen<\/figcaption>\n\t\t\t\t\t\t\t\t\t\t<\/figure>\n\t\t\t\t\t\t\t\t\t<\/div>\n\t\t\t\t<\/div>\n\t\t\t\t<\/div>\n\t\t\t\t\t<\/div>\n\t\t\t\t<\/div>\n\t\t<div class=\"elementor-element elementor-element-a7b2e48 e-flex e-con-boxed e-con e-parent\" data-id=\"a7b2e48\" data-element_type=\"container\" data-e-type=\"container\">\n\t\t\t\t\t<div class=\"e-con-inner\">\n\t\t<div class=\"elementor-element elementor-element-12b6006 e-con-full e-flex e-con e-child\" data-id=\"12b6006\" data-element_type=\"container\" data-e-type=\"container\">\n\t\t<div class=\"elementor-element elementor-element-4aec194 e-con-full e-flex e-con e-child\" data-id=\"4aec194\" data-element_type=\"container\" data-e-type=\"container\">\n\t\t<div class=\"elementor-element elementor-element-71296ac e-con-full e-flex e-con e-child\" data-id=\"71296ac\" data-element_type=\"container\" data-e-type=\"container\">\n\t\t\t\t<div class=\"elementor-element elementor-element-9ee112c elementor-widget-divider--view-line elementor-widget elementor-widget-divider\" data-id=\"9ee112c\" data-element_type=\"widget\" data-e-type=\"widget\" data-widget_type=\"divider.default\">\n\t\t\t\t\t\t\t<div class=\"elementor-divider\">\n\t\t\t<span class=\"elementor-divider-separator\">\n\t\t\t\t\t\t<\/span>\n\t\t<\/div>\n\t\t\t\t\t\t<\/div>\n\t\t\t\t<div class=\"elementor-element elementor-element-8923717 elementor-widget elementor-widget-text-editor\" data-id=\"8923717\" data-element_type=\"widget\" data-e-type=\"widget\" data-widget_type=\"text-editor.default\">\n\t\t\t\t\t\t\t\t\t<p><strong>INFORMATION OM PAKETRESA<\/strong><\/p><p>Denna resa s\u00e4ljs som en paketresa och omfattas av\u00a0<a href=\"https:\/\/europeantours.se\/allmanna-villkor-paketresor\/\" target=\"_blank\" rel=\"noopener\">paketreselagen\u00a0<\/a>samt EU:s paketresedirektiv (EU) 2015\/2302.<\/p>\t\t\t\t\t\t\t\t<\/div>\n\t\t\t\t<div class=\"elementor-element elementor-element-8dcf358 elementor-widget elementor-widget-text-editor\" data-id=\"8dcf358\" data-element_type=\"widget\" data-e-type=\"widget\" data-widget_type=\"text-editor.default\">\n\t\t\t\t\t\t\t\t\t<p data-start=\"2715\" data-end=\"2833\"><strong data-start=\"2715\" data-end=\"2739\">Teknisk arrang\u00f6r:<\/strong> Travel Experts Sweden AB<br data-start=\"2786\" data-end=\"2789\" \/><strong data-start=\"2789\" data-end=\"2811\">S\u00e4ljande arrang\u00f6r:<\/strong> Engholm Travel AB<\/p><p data-start=\"2835\" data-end=\"2949\">Denna paketresa omfattas av en lagstadgad\u00a0<a href=\"https:\/\/europeantours.se\/forsakringar-resegaranti\/\" target=\"_blank\" rel=\"noopener\">resegaranti\u00a0<\/a>i enlighet med g\u00e4llande nationella best\u00e4mmelser.<\/p>\t\t\t\t\t\t\t\t<\/div>\n\t\t\t\t<div class=\"elementor-element elementor-element-48e396b elementor-widget-divider--view-line elementor-widget elementor-widget-divider\" data-id=\"48e396b\" data-element_type=\"widget\" data-e-type=\"widget\" data-widget_type=\"divider.default\">\n\t\t\t\t\t\t\t<div class=\"elementor-divider\">\n\t\t\t<span class=\"elementor-divider-separator\">\n\t\t\t\t\t\t<\/span>\n\t\t<\/div>\n\t\t\t\t\t\t<\/div>\n\t\t\t\t<\/div>\n\t\t\t\t<\/div>\n\t\t\t\t<\/div>\n\t\t\t\t\t<\/div>\n\t\t\t\t<\/div>\n\t\t<div class=\"elementor-element elementor-element-558975f e-flex e-con-boxed e-con e-parent\" data-id=\"558975f\" data-element_type=\"container\" data-e-type=\"container\">\n\t\t\t\t\t<div class=\"e-con-inner\">\n\t\t<div class=\"elementor-element elementor-element-0afedfb e-con-full e-flex e-con e-child\" data-id=\"0afedfb\" data-element_type=\"container\" data-e-type=\"container\">\n\t\t<div class=\"elementor-element elementor-element-b9df956 e-con-full e-flex e-con e-child\" data-id=\"b9df956\" data-element_type=\"container\" data-e-type=\"container\">\n\t\t<div class=\"elementor-element elementor-element-8d47225 e-con-full e-flex e-con e-child\" data-id=\"8d47225\" data-element_type=\"container\" data-e-type=\"container\">\n\t\t\t\t<div class=\"elementor-element elementor-element-2bc1836 elementor-widget elementor-widget-ehp-form\" data-id=\"2bc1836\" data-element_type=\"widget\" data-e-type=\"widget\" data-settings=\"{&quot;layout_preset&quot;:&quot;quick-connect&quot;,&quot;button_width&quot;:&quot;100&quot;,&quot;button_shape&quot;:&quot;default&quot;,&quot;box_shape&quot;:&quot;sharp&quot;}\" data-widget_type=\"ehp-form.default\">\n\t\t\t\t<div class=\"elementor-widget-container\">\n\t\t\t\t\t\t\t<form class=\"has-shape-sharp shape-type-box ehp-form has-layout-preset-quick-connect\" name=\"Cykla genom Baltikum - tre l\u00e4nder p\u00e5 10 dagar\" method=\"post\" id=\"\">\n\t\t\t\t\t<div class=\"ehp-form__text-container\">\n\t\t\t<h4 class=\"ehp-form__heading\">Cykla genom Baltikum - tre l\u00e4nder p\u00e5 10 dagar<\/h4><p class=\"ehp-form__description\">Fyll i nedan formul\u00e4r och vi kommer att kontakta dig s\u00e5 snart det \u00e4r m\u00f6jligt. Om du fyller i \"Boka\" s\u00e5 \u00e5terkommer vi med bokningsbekr\u00e4ftelse. <\/p>\t\t<\/div>\n\t\t\t\t\t<input type=\"hidden\" name=\"post_id\" value=\"7610\"\/>\n\t\t\t<input type=\"hidden\" name=\"form_id\" value=\"2bc1836\"\/>\n\t\t\t<input type=\"hidden\" name=\"referer_title\" value=\"\"\/>\n\n\t\t\t\n\t\t\t<div class=\"ehp-form__content\">\n\t\t\t\t\t\t\t\t<div class=\"ehp-form__wrapper\">\n\t\t\t\t\t\t\t\t\t\t\t<div class=\"ehp-form__field-group is-field-type-select is-field-group-field_b523775 has-width-100 elementor-field-type-select-multiple is-field-required has-border has-shape-default\">\n\t\t\t\t\t\t\t\t\t\t\t\t\t\t\t<label for=\"form-field-field_b523775\" class=\"ehp-form__field-label\">\n\t\t\t\t\t\t\t\t\tVad \u00f6nskar du - &quot;Boka&quot; eller &quot;Mer information&quot;?\t\t\t\t\t\t\t\t<\/label>\n\t\t\t\t\t\t\t\t\t\t\n\t\t\t\n\t\t\t\t\t\t\t\n\t\t\t<select name=\"form_fields[field_b523775][]\" id=\"form-field-field_b523775\" class=\"ehp-form__field elementor-field elementor-field-textual ehp-form__select elementor-size-sm\" required=\"required\">\n\t\t\t\t\t\t\t\t\t<option value=\"Boka\">Boka<\/option>\n\t\t\t\t\t\t\t\t\t<option value=\"Mer information\">Mer information<\/option>\n\t\t\t\t\t\t\t<\/select>\n\t\t\n\t\t\t\t\t\t\t\t<\/div>\n\t\t\t\t\t\t\t\t\t\t\t<div class=\"ehp-form__field-group is-field-type-text is-field-group-name has-width-100 is-field-required has-border has-shape-default\">\n\t\t\t\t\t\t\t\t\t\t\t\t\t\t\t<label for=\"form-field-name\" class=\"ehp-form__field-label\">\n\t\t\t\t\t\t\t\t\tNamn\t\t\t\t\t\t\t\t<\/label>\n\t\t\t\t\t\t\t\t\t\t\t\t\t\t\t\t\t<input size=\"1\" type=\"text\" name=\"form_fields[name]\" id=\"form-field-name\" class=\"ehp-form__field elementor-size-sm  elementor-field-textual\" placeholder=\"Namn\" required=\"required\" aria-required=\"true\">\n\t\t\t\t\t\t\t\t\t\t\t\t\t\t\t<\/div>\n\t\t\t\t\t\t\t\t\t\t\t<div class=\"ehp-form__field-group is-field-type-email is-field-group-email has-width-100 is-field-required has-border has-shape-default\">\n\t\t\t\t\t\t\t\t\t\t\t\t\t\t\t<label for=\"form-field-email\" class=\"ehp-form__field-label\">\n\t\t\t\t\t\t\t\t\tEmail\t\t\t\t\t\t\t\t<\/label>\n\t\t\t\t\t\t\t\t\t\t\t\t\t\t\t\t\t<input size=\"1\" type=\"email\" name=\"form_fields[email]\" id=\"form-field-email\" class=\"ehp-form__field elementor-size-sm  elementor-field-textual\" placeholder=\"Email\" required=\"required\" aria-required=\"true\">\n\t\t\t\t\t\t\t\t\t\t\t\t\t\t\t<\/div>\n\t\t\t\t\t\t\t\t\t\t\t<div class=\"ehp-form__field-group is-field-type-ehp-tel is-field-group-field_c6e1274 has-width-100 is-field-required has-border has-shape-default\">\n\t\t\t\t\t\t\t\t\t\t\t\t\t\t\t<label for=\"form-field-field_c6e1274\" class=\"ehp-form__field-label\">\n\t\t\t\t\t\t\t\t\tDitt telefon Nr\t\t\t\t\t\t\t\t<\/label>\n\t\t\t\t\t\t\t\t\t\t<input size=\"1\" type=\"ehp-tel\" name=\"form_fields[field_c6e1274]\" id=\"form-field-field_c6e1274\" class=\"ehp-form__field elementor-size-sm  elementor-field-textual\" placeholder=\"Telefon Nr\" required=\"required\" aria-required=\"true\" pattern=\"[0-9()#&amp;+*\\-=.]+\" title=\"Only numbers and phone characters (#, -, *, etc) are accepted.\">\n\n\t\t\t\t\t\t\t\t<\/div>\n\t\t\t\t\t\t\t\t\t\t\t<div class=\"ehp-form__field-group is-field-type-select is-field-group-field_cae3590 has-width-100 elementor-field-type-select-multiple is-field-required has-border has-shape-default\">\n\t\t\t\t\t\t\t\t\t\t\t\t\t\t\t<label for=\"form-field-field_cae3590\" class=\"ehp-form__field-label\">\n\t\t\t\t\t\t\t\t\tAntal resen\u00e4rer\t\t\t\t\t\t\t\t<\/label>\n\t\t\t\t\t\t\t\t\t\t\n\t\t\t\n\t\t\t\t\t\t\t\n\t\t\t<select name=\"form_fields[field_cae3590][]\" id=\"form-field-field_cae3590\" class=\"ehp-form__field elementor-field elementor-field-textual ehp-form__select elementor-size-sm\" required=\"required\">\n\t\t\t\t\t\t\t\t\t<option value=\"4\">4<\/option>\n\t\t\t\t\t\t\t\t\t<option value=\"5\">5<\/option>\n\t\t\t\t\t\t\t\t\t<option value=\"6\">6<\/option>\n\t\t\t\t\t\t\t\t\t<option value=\"7\">7<\/option>\n\t\t\t\t\t\t\t\t\t<option value=\"8\">8<\/option>\n\t\t\t\t\t\t\t<\/select>\n\t\t\n\t\t\t\t\t\t\t\t<\/div>\n\t\t\t\t\t\t\t\t\t\t\t<div class=\"ehp-form__field-group is-field-type-text is-field-group-field_64f3f86 has-width-100 is-field-required has-border has-shape-default\">\n\t\t\t\t\t\t\t\t\t\t\t\t\t\t\t<label for=\"form-field-field_64f3f86\" class=\"ehp-form__field-label\">\n\t\t\t\t\t\t\t\t\tDitt \u00f6nskem\u00e5l om datum f\u00f6r start av resan\t\t\t\t\t\t\t\t<\/label>\n\t\t\t\t\t\t\t\t\t\t\t\t\t\t\t\t\t<input size=\"1\" type=\"text\" name=\"form_fields[field_64f3f86]\" id=\"form-field-field_64f3f86\" class=\"ehp-form__field elementor-size-sm  elementor-field-textual\" required=\"required\" aria-required=\"true\">\n\t\t\t\t\t\t\t\t\t\t\t\t\t\t\t<\/div>\n\t\t\t\t\t\t\t\t\t\t\t<div class=\"ehp-form__field-group is-field-type-select is-field-group-field_e47996d has-width-100 elementor-field-type-select-multiple has-border has-shape-default\">\n\t\t\t\t\t\t\t\t\t\t\t\t\t\t\t<label for=\"form-field-field_e47996d\" class=\"ehp-form__field-label\">\n\t\t\t\t\t\t\t\t\tVilket alternativ \u00f6nskar du?\t\t\t\t\t\t\t\t<\/label>\n\t\t\t\t\t\t\t\t\t\t\n\t\t\t\n\t\t\t\t\t\t\t\n\t\t\t<select name=\"form_fields[field_e47996d][]\" id=\"form-field-field_e47996d\" class=\"ehp-form__field elementor-field elementor-field-textual ehp-form__select elementor-size-sm\">\n\t\t\t\t\t\t\t\t\t<option value=\"Dubbelrum 3\u2605 \">Dubbelrum 3\u2605 <\/option>\n\t\t\t\t\t\t\t\t\t<option value=\"Dubbelrum 4\u2605 \">Dubbelrum 4\u2605 <\/option>\n\t\t\t\t\t\t\t<\/select>\n\t\t\n\t\t\t\t\t\t\t\t<\/div>\n\t\t\t\t\t\t\t\t\t\t\t<div class=\"ehp-form__field-group is-field-type-text is-field-group-field_419a070 has-width-100 is-field-required has-border has-shape-default\">\n\t\t\t\t\t\t\t\t\t\t\t\t\t\t\t<label for=\"form-field-field_419a070\" class=\"ehp-form__field-label\">\n\t\t\t\t\t\t\t\t\t\u00d6nskar du f\u00f6rl\u00e4nga resan med n\u00e5gra dagar f\u00f6re \/ efter sj\u00e4lva paketet?\t\t\t\t\t\t\t\t<\/label>\n\t\t\t\t\t\t\t\t\t\t\t\t\t\t\t\t\t<input size=\"1\" type=\"text\" name=\"form_fields[field_419a070]\" id=\"form-field-field_419a070\" class=\"ehp-form__field elementor-size-sm  elementor-field-textual\" required=\"required\" aria-required=\"true\">\n\t\t\t\t\t\t\t\t\t\t\t\t\t\t\t<\/div>\n\t\t\t\t\t\t\t\t\t\t\t<div class=\"ehp-form__field-group is-field-type-text is-field-group-field_a6126e1 has-width-100 is-field-required has-border has-shape-default\">\n\t\t\t\t\t\t\t\t\t\t\t\t\t\t\t<label for=\"form-field-field_a6126e1\" class=\"ehp-form__field-label\">\n\t\t\t\t\t\t\t\t\t\u00d6nskar du att vi bokar flygbiljetter och varifr\u00e5n?\t\t\t\t\t\t\t\t<\/label>\n\t\t\t\t\t\t\t\t\t\t\t\t\t\t\t\t\t<input size=\"1\" type=\"text\" name=\"form_fields[field_a6126e1]\" id=\"form-field-field_a6126e1\" class=\"ehp-form__field elementor-size-sm  elementor-field-textual\" placeholder=\"Ja och varifr\u00e5n alt. nej\" required=\"required\" aria-required=\"true\">\n\t\t\t\t\t\t\t\t\t\t\t\t\t\t\t<\/div>\n\t\t\t\t\t\t\t\t\t\t\t<div class=\"ehp-form__field-group is-field-type-select is-field-group-field_df1a475 has-width-100 elementor-field-type-select-multiple is-field-required has-border has-shape-default\">\n\t\t\t\t\t\t\t\t\t\t\t\t\t\t\t<label for=\"form-field-field_df1a475\" class=\"ehp-form__field-label\">\n\t\t\t\t\t\t\t\t\t\u00d6nskar du boka n\u00e5got tillval?\t\t\t\t\t\t\t\t<\/label>\n\t\t\t\t\t\t\t\t\t\t\n\t\t\t\n\t\t\t\t\t\t\t\n\t\t\t<select name=\"form_fields[field_df1a475][]\" id=\"form-field-field_df1a475\" class=\"ehp-form__field elementor-field elementor-field-textual ehp-form__select elementor-size-sm\" required=\"required\">\n\t\t\t\t\t\t\t\t\t<option value=\"Elcykel\">Elcykel<\/option>\n\t\t\t\t\t\t\t\t\t<option value=\"Nej\">Nej<\/option>\n\t\t\t\t\t\t\t<\/select>\n\t\t\n\t\t\t\t\t\t\t\t<\/div>\n\t\t\t\t\t\t\t\t\t\t\t<div class=\"ehp-form__field-group is-field-type-select is-field-group-field_824742c has-width-100 elementor-field-type-select-multiple is-field-required has-border has-shape-default\">\n\t\t\t\t\t\t\t\t\t\t\t\t\t\t\t<label for=\"form-field-field_824742c\" class=\"ehp-form__field-label\">\n\t\t\t\t\t\t\t\t\t\u00d6nskar du boka Resef\u00f6rs\u00e4kring?\t\t\t\t\t\t\t\t<\/label>\n\t\t\t\t\t\t\t\t\t\t\n\t\t\t\n\t\t\t\t\t\t\t\n\t\t\t<select name=\"form_fields[field_824742c][]\" id=\"form-field-field_824742c\" class=\"ehp-form__field elementor-field elementor-field-textual ehp-form__select elementor-size-sm\" required=\"required\">\n\t\t\t\t\t\t\t\t\t<option value=\"Ja\">Ja<\/option>\n\t\t\t\t\t\t\t\t\t<option value=\"Nej\">Nej<\/option>\n\t\t\t\t\t\t\t<\/select>\n\t\t\n\t\t\t\t\t\t\t\t<\/div>\n\t\t\t\t\t\t\t\t\t\t\t<div class=\"ehp-form__field-group is-field-type-select is-field-group-field_8303103 has-width-100 elementor-field-type-select-multiple is-field-required has-border has-shape-default\">\n\t\t\t\t\t\t\t\t\t\t\t\t\t\t\t<label for=\"form-field-field_8303103\" class=\"ehp-form__field-label\">\n\t\t\t\t\t\t\t\t\t\u00d6nskar du boka Avbest\u00e4llningsf\u00f6rs\u00e4kring?\t\t\t\t\t\t\t\t<\/label>\n\t\t\t\t\t\t\t\t\t\t\n\t\t\t\n\t\t\t\t\t\t\t\n\t\t\t<select name=\"form_fields[field_8303103][]\" id=\"form-field-field_8303103\" class=\"ehp-form__field elementor-field elementor-field-textual ehp-form__select elementor-size-sm\" required=\"required\">\n\t\t\t\t\t\t\t\t\t<option value=\"Ja\">Ja<\/option>\n\t\t\t\t\t\t\t\t\t<option value=\"Nej\">Nej<\/option>\n\t\t\t\t\t\t\t<\/select>\n\t\t\n\t\t\t\t\t\t\t\t<\/div>\n\t\t\t\t\t\t\t\t\t\t\t<div class=\"ehp-form__field-group is-field-type-textarea is-field-group-message has-width-100 has-border has-shape-default\">\n\t\t\t\t\t\t\t\t\t\t\t\t\t\t\t<label for=\"form-field-message\" class=\"ehp-form__field-label\">\n\t\t\t\t\t\t\t\t\tMeddelande till oss:\t\t\t\t\t\t\t\t<\/label>\n\t\t\t\t\t\t\t\t<textarea class=\"elementor-field-textual ehp-form__field eph-form__textarea  elementor-size-sm\" name=\"form_fields[message]\" id=\"form-field-message\" rows=\"6\" placeholder=\"Om du har n\u00e5gra specifika \u00f6nskem\u00e5l, v\u00e4nligen specificera h\u00e4r tack!\"><\/textarea>\t\t\t\t\t\t<\/div>\n\t\t\t\t\t\t\t\t\t\t\t<div class=\"ehp-form__field-group is-field-type-select is-field-group-field_fb652bb has-width-100 elementor-field-type-select-multiple is-field-required has-border has-shape-default\">\n\t\t\t\t\t\t\t\t\t\t\t\t\t\t\t<label for=\"form-field-field_fb652bb\" class=\"ehp-form__field-label\">\n\t\t\t\t\t\t\t\t\tSamtycke till behandling av personuppgifter (GDPR) Genom att skicka in detta formul\u00e4r godk\u00e4nner du att vi behandlar dina personuppgifter i enlighet med g\u00e4llande dataskyddslagstiftning (GDPR). Uppgifterna anv\u00e4nds endast f\u00f6r att kunna hantera din f\u00f6rfr\u00e5gan eller bokning samt f\u00f6r fortsatt kontakt i \u00e4rendet. Du kan n\u00e4r som helst beg\u00e4ra information om vilka uppgifter vi har sparade om dig eller beg\u00e4ra att de r\u00e4ttas eller raderas.\t\t\t\t\t\t\t\t<\/label>\n\t\t\t\t\t\t\t\t\t\t\n\t\t\t\n\t\t\t\t\t\t\t\n\t\t\t<select name=\"form_fields[field_fb652bb][]\" id=\"form-field-field_fb652bb\" class=\"ehp-form__field elementor-field elementor-field-textual ehp-form__select elementor-size-sm\" required=\"required\">\n\t\t\t\t\t\t\t\t\t<option value=\"Ja, jag har l\u00e4st och godk\u00e4nner.  \">Ja, jag har l\u00e4st och godk\u00e4nner.  <\/option>\n\t\t\t\t\t\t\t<\/select>\n\t\t\n\t\t\t\t\t\t\t\t<\/div>\n\t\t\t\t\t\t\t\t\t\t\t\t<div class=\"ehp-form__submit-group has-width-100\">\n\t\t\t<button class=\"has-shape-default shape-type-button ehp-form__button is-type-button\" type=\"submit\" id=\"info@europeantours.se\">\n\t\t\t\t\t\t\t\t\t\t\t\t\t\n\t\t\t\t\t\t\t\t\t<span class=\"ehp-form__button-text\">Skicka<\/span>\n\t\t\t\t\t\t\t<\/button>\n\t\t<\/div>\n\t\t\t\t\t\t<\/div>\n\t\t\t<\/div>\n\t\t\t<div class=\"ehp-form__overlay\"><\/div>\n\t\t<\/form>\n\t\t\t\t\t\t<\/div>\n\t\t\t\t<\/div>\n\t\t\t\t<\/div>\n\t\t\t\t<\/div>\n\t\t\t\t<\/div>\n\t\t\t\t\t<\/div>\n\t\t\t\t<\/div>\n\t\t<div class=\"elementor-element elementor-element-d8a47ab e-flex e-con-boxed e-con e-parent\" data-id=\"d8a47ab\" data-element_type=\"container\" data-e-type=\"container\">\n\t\t\t\t\t<div class=\"e-con-inner\">\n\t\t<div class=\"elementor-element elementor-element-8fc8fee e-con-full e-flex e-con e-child\" data-id=\"8fc8fee\" data-element_type=\"container\" data-e-type=\"container\">\n\t\t<div class=\"elementor-element elementor-element-ebe2bfe e-con-full e-flex e-con e-child\" data-id=\"ebe2bfe\" data-element_type=\"container\" data-e-type=\"container\">\n\t\t\t\t<div class=\"elementor-element elementor-element-5152d0c elementor-widget__width-inherit elementor-widget elementor-widget-text-editor\" data-id=\"5152d0c\" data-element_type=\"widget\" data-e-type=\"widget\" data-widget_type=\"text-editor.default\">\n\t\t\t\t\t\t\t\t\t<p>Intresserad av andra resor p\u00e5 andra sidan Atlanten? Bes\u00f6k v\u00e5r systersida <a href=\"https:\/\/americantours.se\/\">AmericanTours.se<\/a><\/p><div class=\"flex flex-col text-sm pb-25\"><article class=\"text-token-text-primary w-full focus:outline-none [--shadow-height:45px] has-data-writing-block:pointer-events-none has-data-writing-block:-mt-(--shadow-height) has-data-writing-block:pt-(--shadow-height) [&amp;:has([data-writing-block])&gt;*]:pointer-events-auto scroll-mt-[calc(var(--header-height)+min(200px,max(70px,20svh)))]\" dir=\"auto\" tabindex=\"-1\" data-turn-id=\"request-WEB:a4bdf765-b63e-49eb-9072-317baa6fa443-3\" data-testid=\"conversation-turn-6\" data-scroll-anchor=\"true\" data-turn=\"assistant\"><div class=\"text-base my-auto mx-auto pb-10 [--thread-content-margin:var(--thread-content-margin-xs,calc(var(--spacing)*4))] @w-sm\/main:[--thread-content-margin:var(--thread-content-margin-sm,calc(var(--spacing)*6))] @w-lg\/main:[--thread-content-margin:var(--thread-content-margin-lg,calc(var(--spacing)*16))] px-(--thread-content-margin)\"><div class=\"[--thread-content-max-width:40rem] @w-lg\/main:[--thread-content-max-width:48rem] mx-auto max-w-(--thread-content-max-width) flex-1 group\/turn-messages focus-visible:outline-hidden relative flex w-full min-w-0 flex-col agent-turn\" tabindex=\"-1\"><div class=\"z-0 flex min-h-[46px] justify-start\">Tillbaka till <a href=\"https:\/\/europeantours.se\/\">HOME<\/a> sidan d\u00e4r alla resor inom Europa finns!<\/div><\/div><\/div><\/article><\/div>\t\t\t\t\t\t\t\t<\/div>\n\t\t\t\t<\/div>\n\t\t\t\t<\/div>\n\t\t\t\t\t<\/div>\n\t\t\t\t<\/div>\n\t\t\t\t<\/div>\n\t\t","protected":false},"excerpt":{"rendered":"<p>Uppt\u00e4ck Baltikum fr\u00e5n cykelsadeln! Fr\u00e5n Vilnius och Trakai g\u00e5r resan via Kuriska n\u00e4set, Nida, Palanga och Riga till Estlands vackra \u00f6 Saaremaa. Cykla l\u00e4ngs str\u00e4nder, genom tallskogar och naturreservat och upplev tre l\u00e4nder p\u00e5 en och samma resa.<\/p>","protected":false},"featured_media":7747,"template":"","meta":{"_acf_changed":false,"_coblocks_attr":"","_coblocks_dimensions":"","_coblocks_responsive_height":"","_coblocks_accordion_ie_support":"","_monsterinsights_skip_tracking":false,"_uf_show_specific_survey":0,"_uf_disable_surveys":false},"categories":[],"tags":[],"travel_type":[784849229],"travel_lenght":[784849183],"destination":[784849219,784849212,784849114,784849211,784849221],"class_list":["post-7610","tours","type-tours","status-publish","has-post-thumbnail","hentry","travel_type-cykla-guide","travel_lenght-784849183","destination-baltikum","destination-estland","destination-europe","destination-lettland","destination-litauen"],"acf":[],"aioseo_notices":[],"aioseo_head":"\n\t\t<!-- All in One SEO 5.0.1.1 - aioseo.com -->\n\t<meta name=\"description\" content=\"Cykla genom Baltikum - tre l\u00e4nder. Fr\u00e5n Vilnius till Riga och Saaremaa Tallinn. Upplev kust, nationalparker, sanddyner, historiska st\u00e4der och vackra cykelv\u00e4gar.\" \/>\n\t<meta name=\"robots\" content=\"max-image-preview:large\" \/>\n\t<link rel=\"canonical\" href=\"https:\/\/europeantours.se\/sv\/tours\/baltikum-cykla10\/\" \/>\n\t<meta name=\"generator\" content=\"All in One SEO (AIOSEO) 5.0.1.1\" \/>\n\t\t<meta property=\"og:locale\" content=\"sv_SE\" \/>\n\t\t<meta property=\"og:site_name\" content=\"EuropeanTours.se - When your family history becomes a journey\" \/>\n\t\t<meta property=\"og:type\" content=\"article\" \/>\n\t\t<meta property=\"og:title\" content=\"CYKLA GENOM BALTIKUM \u2013 TRE L\u00c4NDER P\u00c5 10 DAGAR - EuropeanTours.se\" \/>\n\t\t<meta property=\"og:description\" content=\"Cykla genom Baltikum - tre l\u00e4nder. Fr\u00e5n Vilnius till Riga och Saaremaa Tallinn. Upplev kust, nationalparker, sanddyner, historiska st\u00e4der och vackra cykelv\u00e4gar.\" \/>\n\t\t<meta property=\"og:url\" content=\"https:\/\/europeantours.se\/sv\/tours\/baltikum-cykla10\/\" \/>\n\t\t<meta property=\"article:published_time\" content=\"2026-08-08T07:27:16+00:00\" \/>\n\t\t<meta property=\"article:modified_time\" content=\"2026-08-20T08:39:32+00:00\" \/>\n\t\t<meta name=\"twitter:card\" content=\"summary_large_image\" \/>\n\t\t<meta name=\"twitter:title\" content=\"CYKLA GENOM BALTIKUM \u2013 TRE L\u00c4NDER P\u00c5 10 DAGAR - EuropeanTours.se\" \/>\n\t\t<meta name=\"twitter:description\" content=\"Cykla genom Baltikum - tre l\u00e4nder. Fr\u00e5n Vilnius till Riga och Saaremaa Tallinn. Upplev kust, nationalparker, sanddyner, historiska st\u00e4der och vackra cykelv\u00e4gar.\" \/>\n\t\t<script type=\"application\/ld+json\" class=\"aioseo-schema\">\n\t\t\t{\"@context\":\"https:\\\/\\\/schema.org\",\"@graph\":[{\"@type\":\"BreadcrumbList\",\"@id\":\"https:\\\/\\\/europeantours.se\\\/sv\\\/tours\\\/baltikum-cykla10\\\/#breadcrumblist\",\"itemListElement\":[{\"@type\":\"ListItem\",\"@id\":\"https:\\\/\\\/europeantours.se\\\/sv#listItem\",\"position\":1,\"name\":\"Home\",\"item\":\"https:\\\/\\\/europeantours.se\\\/sv\",\"nextItem\":{\"@type\":\"ListItem\",\"@id\":\"https:\\\/\\\/europeantours.se\\\/sv\\\/travel_type\\\/cykla-guide\\\/#listItem\",\"name\":\"Cykla guide\"}},{\"@type\":\"ListItem\",\"@id\":\"https:\\\/\\\/europeantours.se\\\/sv\\\/travel_type\\\/cykla-guide\\\/#listItem\",\"position\":2,\"name\":\"Cykla guide\",\"item\":\"https:\\\/\\\/europeantours.se\\\/sv\\\/travel_type\\\/cykla-guide\\\/\",\"nextItem\":{\"@type\":\"ListItem\",\"@id\":\"https:\\\/\\\/europeantours.se\\\/sv\\\/tours\\\/baltikum-cykla10\\\/#listItem\",\"name\":\"CYKLA GENOM BALTIKUM &#8211; TRE L\\u00c4NDER P\\u00c5 10 DAGAR\"},\"previousItem\":{\"@type\":\"ListItem\",\"@id\":\"https:\\\/\\\/europeantours.se\\\/sv#listItem\",\"name\":\"Home\"}},{\"@type\":\"ListItem\",\"@id\":\"https:\\\/\\\/europeantours.se\\\/sv\\\/tours\\\/baltikum-cykla10\\\/#listItem\",\"position\":3,\"name\":\"CYKLA GENOM BALTIKUM &#8211; TRE L\\u00c4NDER P\\u00c5 10 DAGAR\",\"previousItem\":{\"@type\":\"ListItem\",\"@id\":\"https:\\\/\\\/europeantours.se\\\/sv\\\/travel_type\\\/cykla-guide\\\/#listItem\",\"name\":\"Cykla guide\"}}]},{\"@type\":\"Organization\",\"@id\":\"https:\\\/\\\/europeantours.se\\\/sv\\\/#organization\",\"name\":\"EuropeanTours.se\",\"description\":\"When your family history becomes a journey\",\"url\":\"https:\\\/\\\/europeantours.se\\\/sv\\\/\"},{\"@type\":\"WebPage\",\"@id\":\"https:\\\/\\\/europeantours.se\\\/sv\\\/tours\\\/baltikum-cykla10\\\/#webpage\",\"url\":\"https:\\\/\\\/europeantours.se\\\/sv\\\/tours\\\/baltikum-cykla10\\\/\",\"name\":\"CYKLA GENOM BALTIKUM \\u2013 TRE L\\u00c4NDER P\\u00c5 10 DAGAR - EuropeanTours.se\",\"description\":\"Cykla genom Baltikum - tre l\\u00e4nder. Fr\\u00e5n Vilnius till Riga och Saaremaa Tallinn. Upplev kust, nationalparker, sanddyner, historiska st\\u00e4der och vackra cykelv\\u00e4gar.\",\"inLanguage\":\"sv-SE\",\"isPartOf\":{\"@id\":\"https:\\\/\\\/europeantours.se\\\/sv\\\/#website\"},\"breadcrumb\":{\"@id\":\"https:\\\/\\\/europeantours.se\\\/sv\\\/tours\\\/baltikum-cykla10\\\/#breadcrumblist\"},\"image\":{\"@type\":\"ImageObject\",\"url\":\"https:\\\/\\\/europeantours.se\\\/wp-content\\\/uploads\\\/2026\\\/08\\\/cycling_Curonian_Spit.jpg\",\"@id\":\"https:\\\/\\\/europeantours.se\\\/sv\\\/tours\\\/baltikum-cykla10\\\/#mainImage\",\"width\":1233,\"height\":693},\"primaryImageOfPage\":{\"@id\":\"https:\\\/\\\/europeantours.se\\\/sv\\\/tours\\\/baltikum-cykla10\\\/#mainImage\"},\"datePublished\":\"2026-08-08T08:27:16+01:00\",\"dateModified\":\"2026-08-20T09:39:32+01:00\"},{\"@type\":\"WebSite\",\"@id\":\"https:\\\/\\\/europeantours.se\\\/sv\\\/#website\",\"url\":\"https:\\\/\\\/europeantours.se\\\/sv\\\/\",\"name\":\"EuropeanTours.se\",\"description\":\"When your family history becomes a journey\",\"inLanguage\":\"sv-SE\",\"publisher\":{\"@id\":\"https:\\\/\\\/europeantours.se\\\/sv\\\/#organization\"}}]}\n\t\t<\/script>\n\t\t<!-- All in One SEO -->\n\n","aioseo_head_json":{"title":"CYKLA GENOM BALTIKUM \u2013 TRE L\u00c4NDER P\u00c5 10 DAGAR - EuropeanTours.se","description":"Cykla genom Baltikum - tre l\u00e4nder. Fr\u00e5n Vilnius till Riga och Saaremaa Tallinn. Upplev kust, nationalparker, sanddyner, historiska st\u00e4der och vackra cykelv\u00e4gar.","canonical_url":"https:\/\/europeantours.se\/sv\/tours\/baltikum-cykla10\/","robots":"max-image-preview:large","keywords":"","webmasterTools":{"miscellaneous":""},"schema":{"@context":"https:\/\/schema.org","@graph":[{"@type":"BreadcrumbList","@id":"https:\/\/europeantours.se\/sv\/tours\/baltikum-cykla10\/#breadcrumblist","itemListElement":[{"@type":"ListItem","@id":"https:\/\/europeantours.se\/sv#listItem","position":1,"name":"Home","item":"https:\/\/europeantours.se\/sv","nextItem":{"@type":"ListItem","@id":"https:\/\/europeantours.se\/sv\/travel_type\/cykla-guide\/#listItem","name":"Cykla guide"}},{"@type":"ListItem","@id":"https:\/\/europeantours.se\/sv\/travel_type\/cykla-guide\/#listItem","position":2,"name":"Cykla guide","item":"https:\/\/europeantours.se\/sv\/travel_type\/cykla-guide\/","nextItem":{"@type":"ListItem","@id":"https:\/\/europeantours.se\/sv\/tours\/baltikum-cykla10\/#listItem","name":"CYKLA GENOM BALTIKUM &#8211; TRE L\u00c4NDER P\u00c5 10 DAGAR"},"previousItem":{"@type":"ListItem","@id":"https:\/\/europeantours.se\/sv#listItem","name":"Home"}},{"@type":"ListItem","@id":"https:\/\/europeantours.se\/sv\/tours\/baltikum-cykla10\/#listItem","position":3,"name":"CYKLA GENOM BALTIKUM &#8211; TRE L\u00c4NDER P\u00c5 10 DAGAR","previousItem":{"@type":"ListItem","@id":"https:\/\/europeantours.se\/sv\/travel_type\/cykla-guide\/#listItem","name":"Cykla guide"}}]},{"@type":"Organization","@id":"https:\/\/europeantours.se\/sv\/#organization","name":"EuropeanTours.se","description":"When your family history becomes a journey","url":"https:\/\/europeantours.se\/sv\/"},{"@type":"WebPage","@id":"https:\/\/europeantours.se\/sv\/tours\/baltikum-cykla10\/#webpage","url":"https:\/\/europeantours.se\/sv\/tours\/baltikum-cykla10\/","name":"CYKLA GENOM BALTIKUM \u2013 TRE L\u00c4NDER P\u00c5 10 DAGAR - EuropeanTours.se","description":"Cykla genom Baltikum - tre l\u00e4nder. Fr\u00e5n Vilnius till Riga och Saaremaa Tallinn. Upplev kust, nationalparker, sanddyner, historiska st\u00e4der och vackra cykelv\u00e4gar.","inLanguage":"sv-SE","isPartOf":{"@id":"https:\/\/europeantours.se\/sv\/#website"},"breadcrumb":{"@id":"https:\/\/europeantours.se\/sv\/tours\/baltikum-cykla10\/#breadcrumblist"},"image":{"@type":"ImageObject","url":"https:\/\/europeantours.se\/wp-content\/uploads\/2026\/08\/cycling_Curonian_Spit.jpg","@id":"https:\/\/europeantours.se\/sv\/tours\/baltikum-cykla10\/#mainImage","width":1233,"height":693},"primaryImageOfPage":{"@id":"https:\/\/europeantours.se\/sv\/tours\/baltikum-cykla10\/#mainImage"},"datePublished":"2026-08-08T08:27:16+01:00","dateModified":"2026-08-20T09:39:32+01:00"},{"@type":"WebSite","@id":"https:\/\/europeantours.se\/sv\/#website","url":"https:\/\/europeantours.se\/sv\/","name":"EuropeanTours.se","description":"When your family history becomes a journey","inLanguage":"sv-SE","publisher":{"@id":"https:\/\/europeantours.se\/sv\/#organization"}}]},"og:locale":"sv_SE","og:site_name":"EuropeanTours.se - When your family history becomes a journey","og:type":"article","og:title":"CYKLA GENOM BALTIKUM \u2013 TRE L\u00c4NDER P\u00c5 10 DAGAR - EuropeanTours.se","og:description":"Cykla genom Baltikum - tre l\u00e4nder. Fr\u00e5n Vilnius till Riga och Saaremaa Tallinn. Upplev kust, nationalparker, sanddyner, historiska st\u00e4der och vackra cykelv\u00e4gar.","og:url":"https:\/\/europeantours.se\/sv\/tours\/baltikum-cykla10\/","article:published_time":"2026-08-08T07:27:16+00:00","article:modified_time":"2026-08-20T08:39:32+00:00","twitter:card":"summary_large_image","twitter:title":"CYKLA GENOM BALTIKUM \u2013 TRE L\u00c4NDER P\u00c5 10 DAGAR - EuropeanTours.se","twitter:description":"Cykla genom Baltikum - tre l\u00e4nder. Fr\u00e5n Vilnius till Riga och Saaremaa Tallinn. Upplev kust, nationalparker, sanddyner, historiska st\u00e4der och vackra cykelv\u00e4gar."},"aioseo_meta_data":{"post_id":"7610","title":null,"description":"Cykla genom Baltikum - tre l\u00e4nder. Fr\u00e5n Vilnius till Riga och Saaremaa Tallinn. Upplev kust, nationalparker, sanddyner, historiska st\u00e4der och vackra cykelv\u00e4gar.","keywords":null,"keyphrases":{"focus":{"keyphrase":"","score":0,"analysis":{"keyphraseInTitle":{"score":0,"maxScore":9,"error":1}}},"additional":[]},"primary_term":null,"canonical_url":null,"og_title":null,"og_description":null,"og_object_type":"default","og_image_type":"default","og_image_url":null,"og_image_width":null,"og_image_height":null,"og_image_custom_url":null,"og_image_custom_fields":null,"og_video":"","og_custom_url":null,"og_article_section":null,"og_article_tags":null,"twitter_use_og":false,"twitter_card":"default","twitter_image_type":"default","twitter_image_url":null,"twitter_image_custom_url":null,"twitter_image_custom_fields":null,"twitter_title":null,"twitter_description":null,"schema":{"blockGraphs":[],"customGraphs":[],"default":{"data":{"Article":[],"Course":[],"Dataset":[],"FAQPage":[],"Movie":[],"Person":[],"Product":[],"ProductReview":[],"Car":[],"Recipe":[],"Service":[],"SoftwareApplication":[],"WebPage":[]},"graphName":"WebPage","isEnabled":true},"graphs":[]},"schema_type":"default","schema_type_options":null,"pillar_content":false,"robots_default":true,"robots_noindex":false,"robots_noarchive":false,"robots_nosnippet":false,"robots_nofollow":false,"robots_noimageindex":false,"robots_noodp":false,"robots_notranslate":false,"robots_max_snippet":"-1","robots_max_videopreview":"-1","robots_max_imagepreview":"large","priority":null,"frequency":"default","local_seo":null,"breadcrumb_settings":null,"limit_modified_date":false,"ai":{"faqs":[],"keyPoints":[],"schemas":[],"titles":[],"descriptions":[],"socialPosts":{"email":{"subject":"","preview":"","content":""},"linkedin":[],"twitter":[],"facebook":[],"instagram":[]}},"created":"2026-08-08 07:27:16","updated":"2026-08-20 10:10:12","seo_analyzer_scan_date":null,"focus_keyword":null,"additional_keywords":null,"truseo_locale":null},"aioseo_breadcrumb":"<div class=\"aioseo-breadcrumbs\"><span class=\"aioseo-breadcrumb\">\n\t\t\t<a href=\"https:\/\/europeantours.se\/sv\" title=\"Home\">Home<\/a>\n\t\t<\/span><span class=\"aioseo-breadcrumb-separator\">&raquo;<\/span><span class=\"aioseo-breadcrumb\">\n\t\t\t<a href=\"https:\/\/europeantours.se\/sv\/travel_type\/cykla-guide\/\" title=\"Cykla guide\">Cykla guide<\/a>\n\t\t<\/span><span class=\"aioseo-breadcrumb-separator\">&raquo;<\/span><span class=\"aioseo-breadcrumb\">\n\t\t\tCYKLA GENOM BALTIKUM \u2013 TRE L\u00c4NDER P\u00c5 10 DAGAR\n\t\t<\/span><\/div>","aioseo_breadcrumb_json":[{"label":"Home","link":"https:\/\/europeantours.se\/sv"},{"label":"Cykla guide","link":"https:\/\/europeantours.se\/sv\/travel_type\/cykla-guide\/"},{"label":"CYKLA GENOM BALTIKUM &#8211; TRE L\u00c4NDER P\u00c5 10 DAGAR","link":"https:\/\/europeantours.se\/sv\/tours\/baltikum-cykla10\/"}],"_links":{"self":[{"href":"https:\/\/europeantours.se\/sv\/wp-json\/wp\/v2\/tours\/7610","targetHints":{"allow":["GET"]}}],"collection":[{"href":"https:\/\/europeantours.se\/sv\/wp-json\/wp\/v2\/tours"}],"about":[{"href":"https:\/\/europeantours.se\/sv\/wp-json\/wp\/v2\/types\/tours"}],"version-history":[{"count":24,"href":"https:\/\/europeantours.se\/sv\/wp-json\/wp\/v2\/tours\/7610\/revisions"}],"predecessor-version":[{"id":7784,"href":"https:\/\/europeantours.se\/sv\/wp-json\/wp\/v2\/tours\/7610\/revisions\/7784"}],"wp:featuredmedia":[{"embeddable":true,"href":"https:\/\/europeantours.se\/sv\/wp-json\/wp\/v2\/media\/7747"}],"wp:attachment":[{"href":"https:\/\/europeantours.se\/sv\/wp-json\/wp\/v2\/media?parent=7610"}],"wp:term":[{"taxonomy":"category","embeddable":true,"href":"https:\/\/europeantours.se\/sv\/wp-json\/wp\/v2\/categories?post=7610"},{"taxonomy":"post_tag","embeddable":true,"href":"https:\/\/europeantours.se\/sv\/wp-json\/wp\/v2\/tags?post=7610"},{"taxonomy":"travel_type","embeddable":true,"href":"https:\/\/europeantours.se\/sv\/wp-json\/wp\/v2\/travel_type?post=7610"},{"taxonomy":"travel_lenght","embeddable":true,"href":"https:\/\/europeantours.se\/sv\/wp-json\/wp\/v2\/travel_lenght?post=7610"},{"taxonomy":"destination","embeddable":true,"href":"https:\/\/europeantours.se\/sv\/wp-json\/wp\/v2\/destination?post=7610"}],"curies":[{"name":"wp","href":"https:\/\/api.w.org\/{rel}","templated":true}]}}